{"id":667,"date":"2021-03-30T15:35:21","date_gmt":"2021-03-30T13:35:21","guid":{"rendered":"https:\/\/www.systra.com\/france\/?post_type=projects&#038;p=667"},"modified":"2025-09-08T15:46:33","modified_gmt":"2025-09-08T13:46:33","slug":"assistance-a-lelaboration-dun-schema-directeur-du-stationnement-velo-a-lyon","status":"publish","type":"projects","link":"https:\/\/www.systra.com\/france\/project\/assistance-a-lelaboration-dun-schema-directeur-du-stationnement-velo-a-lyon\/","title":{"rendered":"Assistance \u00e0 l\u2019\u00e9laboration d\u2019un sch\u00e9ma directeur du stationnement v\u00e9lo \u00e0 Lyon"},"content":{"rendered":"\n<div class=\"wp-block-columns is-layout-flex wp-container-core-columns-is-layout-9d6595d7 wp-block-columns-is-layout-flex\">\n<div class=\"wp-block-column is-layout-flow wp-block-column-is-layout-flow\"><div class=\"content-top-project\">\n    <div class=\"content-top-details\">\n        <svg class=\"icon-sprite details-logo\"><use xlink:href=\"#icon_deco_systra_blanc\" \/>\n        <div class=\"title\">Technical details<\/div>\n        \t        <div class=\"single-content\">\n\t            <div class=\"subtitle\">Customer<\/div>\n\t            <div class=\"desc\">M\u00e9tropole de Lyon \u2013 Service D\u00e9placements <\/div>\n\t        <\/div>\n                    <div class=\"single-content\">\n                <div class=\"subtitle\">Dates<\/div>\n                <div class=\"desc\"><p>2019 \u2013 2020<\/p>\n<p>(13 mois)<\/p>\n<\/div>\n            <\/div>\n                    <div class=\"single-content\">\n                <div class=\"subtitle\">Missions<\/div>\n                <div class=\"desc\">Etudes amont  <\/div>\n            <\/div>\n                    <div class=\"single-content\">\n                <div class=\"subtitle\">Localisation<\/div>\n                <div class=\"desc\">RH\u00d4NE-ALPES<\/div>\n            <\/div>\n                    <div class=\"single-content\">\n                <div class=\"subtitle\">Partners<\/div>\n                <div class=\"desc\">Nova7 <\/div>\n            <\/div>\n                    <div class=\"single-content\">\n                <div class=\"subtitle\">Activity<\/div>\n                <div class=\"desc\">Mode doux <\/div>\n            <\/div>\n           \n            \n    <\/div>\n<\/div>\n\n\n\n<div class=\"wp-block-column is-layout-flow wp-block-column-is-layout-flow\">\n<p class=\"has-dusty-blue-color has-text-color\"><strong>Grand Lyon M\u00e9tropole souhaite disposer d\u2019une vision des besoins actuels et futurs afin de b\u00e2tir une politique en faveur du v\u00e9lo \u00e0 l\u2019\u00e9chelle m\u00e9tropolitaine, \u00e0 la hauteur de l\u2019ambition du Plan de D\u00e9placement Urbain (PDU) en termes de part modale v\u00e9lo, et en s\u2019attachant en particulier \u00e0 la probl\u00e9matique du stationnement v\u00e9lo.<\/strong><\/p>\n\n\n\n<div style=\"height:20px\" aria-hidden=\"true\" class=\"wp-block-spacer\"><\/div>\n\n\n\n<p>Depuis 10 ans, la pratique du v\u00e9lo dans la m\u00e9tropole de Lyon conna\u00eet un fort d\u00e9veloppement (+ 15 % par an). La difficult\u00e9 \u00e0 stationner les v\u00e9los dans les b\u00e2timents et l\u2019espace public ou priv\u00e9, coupl\u00e9e \u00e0 la crainte du vol, repr\u00e9sente le premier obstacle \u00e0 surmonter pour les nouveaux cyclistes. <\/p>\n\n\n\n<p>Pour servir les ambitions de d\u00e9veloppement port\u00e9es par le PDU, le service D\u00e9placements de la M\u00e9tropole de Lyon a souhait\u00e9 poser un diagnostic pr\u00e9cis de la situation, dans le but de formaliser un Sch\u00e9ma Directeur du stationnement v\u00e9lo \u00e0 l\u2019horizon 2030.<\/p>\n\n\n\n<figure class=\"wp-block-image size-large\"><img decoding=\"async\" width=\"1024\" height=\"682\" src=\"https:\/\/www.systra.com\/france\/wp-content\/uploads\/sites\/5\/2021\/03\/lyon-3698946_1280-1024x682.jpg\" alt=\"\" class=\"wp-image-698\" srcset=\"https:\/\/www.systra.com\/france\/wp-content\/uploads\/sites\/4\/2021\/03\/lyon-3698946_1280-1024x682.jpg 1024w, https:\/\/www.systra.com\/france\/wp-content\/uploads\/sites\/4\/2021\/03\/lyon-3698946_1280-300x200.jpg 300w, https:\/\/www.systra.com\/france\/wp-content\/uploads\/sites\/4\/2021\/03\/lyon-3698946_1280-768x512.jpg 768w, https:\/\/www.systra.com\/france\/wp-content\/uploads\/sites\/4\/2021\/03\/lyon-3698946_1280-375x250.jpg 375w, https:\/\/www.systra.com\/france\/wp-content\/uploads\/sites\/4\/2021\/03\/lyon-3698946_1280-376x250.jpg 376w, https:\/\/www.systra.com\/france\/wp-content\/uploads\/sites\/4\/2021\/03\/lyon-3698946_1280-474x316.jpg 474w, https:\/\/www.systra.com\/france\/wp-content\/uploads\/sites\/4\/2021\/03\/lyon-3698946_1280-75x50.jpg 75w, https:\/\/www.systra.com\/france\/wp-content\/uploads\/sites\/4\/2021\/03\/lyon-3698946_1280-800x533.jpg 800w, https:\/\/www.systra.com\/france\/wp-content\/uploads\/sites\/4\/2021\/03\/lyon-3698946_1280-180x120.jpg 180w, https:\/\/www.systra.com\/france\/wp-content\/uploads\/sites\/4\/2021\/03\/lyon-3698946_1280-153x102.jpg 153w, https:\/\/www.systra.com\/france\/wp-content\/uploads\/sites\/4\/2021\/03\/lyon-3698946_1280-230x153.jpg 230w, https:\/\/www.systra.com\/france\/wp-content\/uploads\/sites\/4\/2021\/03\/lyon-3698946_1280.jpg 1280w\" sizes=\"(max-width: 1024px) 100vw, 1024px\" \/><\/figure>\n\n\n\n<h3 class=\"wp-block-heading\">Des \u00e9tudes command\u00e9es \u00e0 SYSTRA<\/h3>\n\n\n\n<div style=\"height:20px\" aria-hidden=\"true\" class=\"wp-block-spacer\"><\/div>\n\n\n\n<p>Deux phases d\u2019\u00e9tude ont \u00e9t\u00e9 r\u00e9alis\u00e9es par le groupement SYSTRA\/NOVA7 pour alimenter la vision des besoins et attentes en mati\u00e8re de stationnement v\u00e9lo.<\/p>\n\n\n\n<ul class=\"wp-block-list\"><li>Phase 1\u202f: un \u00e9tat des lieux du stationnement v\u00e9lo et un benchmark ayant permis de rep\u00e9rer les bonnes pratiques et les solutions d\u00e9ploy\u00e9es sur d\u2019autres territoires.<\/li><li>Phase 2\u202f: des enqu\u00eates aupr\u00e8s des usagers et de diff\u00e9rentes parties prenantes pour comprendre et quantifier les comportements et les besoins des usagers actuels du v\u00e9lo.<\/li><\/ul>\n\n\n\n<p><\/p>\n\n\n\n<p>Pour guider la r\u00e9flexion, la vision cible a \u00e9t\u00e9 construite autour des diff\u00e9rentes situations d\u2019usages et de besoins, qui croisent motifs de d\u00e9placements et dur\u00e9e de stationnement (courte, moyenne ou longue) : se garer \u00e0 domicile ne n\u00e9cessite pas les m\u00eames \u00e9quipements que se garer sur son lieu de travail, pour aller faire des courses ou assister \u00e0 un \u00e9v\u00e9nement par exemple.<\/p>\n\n\n\n<p>Dans le cadre du Sch\u00e9ma Directeur, SYSTRA a apport\u00e9 une attention particuli\u00e8re \u00e0 la question de l\u2019intermodalit\u00e9 v\u00e9lo\u202f\/ transports en commun.<\/p>\n\n\n\n<figure class=\"wp-block-image size-large\"><img decoding=\"async\" width=\"749\" height=\"416\" src=\"https:\/\/www.systra.com\/france\/wp-content\/uploads\/sites\/5\/2021\/03\/stationnement.png\" alt=\"\" class=\"wp-image-699\" srcset=\"https:\/\/www.systra.com\/france\/wp-content\/uploads\/sites\/4\/2021\/03\/stationnement.png 749w, https:\/\/www.systra.com\/france\/wp-content\/uploads\/sites\/4\/2021\/03\/stationnement-300x167.png 300w, https:\/\/www.systra.com\/france\/wp-content\/uploads\/sites\/4\/2021\/03\/stationnement-286x160.png 286w, https:\/\/www.systra.com\/france\/wp-content\/uploads\/sites\/4\/2021\/03\/stationnement-474x263.png 474w, https:\/\/www.systra.com\/france\/wp-content\/uploads\/sites\/4\/2021\/03\/stationnement-180x100.png 180w, https:\/\/www.systra.com\/france\/wp-content\/uploads\/sites\/4\/2021\/03\/stationnement-153x85.png 153w, https:\/\/www.systra.com\/france\/wp-content\/uploads\/sites\/4\/2021\/03\/stationnement-230x128.png 230w\" sizes=\"(max-width: 749px) 100vw, 749px\" \/><\/figure>\n\n\n\n<p><\/p>\n<\/div>\n<\/div>\n","protected":false},"author":23,"featured_media":701,"parent":0,"template":"","type-market":[],"project-market":[19297,19292,19296],"project-service":[],"project-location":[19299],"type-service":[],"type-solution":[],"class_list":["post-667","projects","type-projects","status-publish","has-post-thumbnail","hentry","project-market-amenagement","project-market-environnement","project-market-mobilite","project-location-auvergne-rhone-alpes"],"acf":[],"yoast_head":"<!-- This site is optimized with the Yoast SEO Premium plugin v27.4 (Yoast SEO v27.4) - https:\/\/yoast.com\/product\/yoast-seo-premium-wordpress\/ -->\n<title>Assistance \u00e0 l\u2019\u00e9laboration d\u2019un sch\u00e9ma directeur du stationnement v\u00e9lo \u00e0 Lyon - France<\/title>\n<meta name=\"description\" content=\"Grand Lyon M\u00e9tropole souhaite disposer d\u2019une vision des besoins actuels et futurs afin de b\u00e2tir une politique en faveur du v\u00e9lo \u00e0 l\u2019\u00e9chelle\" \/>\n<meta name=\"robots\" content=\"index, follow, max-snippet:-1, max-image-preview:large, max-video-preview:-1\" \/>\n<meta property=\"og:locale\" content=\"fr_FR\" \/>\n<meta property=\"og:type\" content=\"article\" \/>\n<meta property=\"og:title\" content=\"Assistance \u00e0 l\u2019\u00e9laboration d\u2019un sch\u00e9ma directeur du stationnement v\u00e9lo \u00e0 Lyon\" \/>\n<meta property=\"og:description\" content=\"Grand Lyon M\u00e9tropole souhaite disposer d\u2019une vision des besoins actuels et futurs afin de b\u00e2tir une politique en faveur du v\u00e9lo \u00e0 l\u2019\u00e9chelle\" \/>\n<meta property=\"og:url\" content=\"https:\/\/www.systra.com\/france\/project\/assistance-a-lelaboration-dun-schema-directeur-du-stationnement-velo-a-lyon\/\" \/>\n<meta property=\"og:site_name\" content=\"France\" \/>\n<meta property=\"article:publisher\" content=\"https:\/\/www.facebook.com\/SYSTRA\" \/>\n<meta property=\"article:modified_time\" content=\"2025-09-08T13:46:33+00:00\" \/>\n<meta property=\"og:image\" content=\"https:\/\/www.systra.com\/france\/wp-content\/uploads\/sites\/4\/2021\/03\/velo_station_lyon-scaled.jpg\" \/>\n\t<meta property=\"og:image:width\" content=\"1920\" \/>\n\t<meta property=\"og:image:height\" content=\"2560\" \/>\n\t<meta property=\"og:image:type\" content=\"image\/jpeg\" \/>\n<meta name=\"twitter:card\" content=\"summary_large_image\" \/>\n<meta name=\"twitter:site\" content=\"@SYSTRA_LTD\" \/>\n<meta name=\"twitter:label1\" content=\"Dur\u00e9e de lecture estim\u00e9e\" \/>\n\t<meta name=\"twitter:data1\" content=\"3 minutes\" \/>\n<script type=\"application\/ld+json\" class=\"yoast-schema-graph\">{\"@context\":\"https:\\\/\\\/schema.org\",\"@graph\":[{\"@type\":\"WebPage\",\"@id\":\"https:\\\/\\\/www.systra.com\\\/france\\\/project\\\/assistance-a-lelaboration-dun-schema-directeur-du-stationnement-velo-a-lyon\\\/\",\"url\":\"https:\\\/\\\/www.systra.com\\\/france\\\/project\\\/assistance-a-lelaboration-dun-schema-directeur-du-stationnement-velo-a-lyon\\\/\",\"name\":\"Assistance \u00e0 l\u2019\u00e9laboration d\u2019un sch\u00e9ma directeur du stationnement v\u00e9lo \u00e0 Lyon - France\",\"isPartOf\":{\"@id\":\"https:\\\/\\\/www.systra.com\\\/france\\\/#website\"},\"primaryImageOfPage\":{\"@id\":\"https:\\\/\\\/www.systra.com\\\/france\\\/project\\\/assistance-a-lelaboration-dun-schema-directeur-du-stationnement-velo-a-lyon\\\/#primaryimage\"},\"image\":{\"@id\":\"https:\\\/\\\/www.systra.com\\\/france\\\/project\\\/assistance-a-lelaboration-dun-schema-directeur-du-stationnement-velo-a-lyon\\\/#primaryimage\"},\"thumbnailUrl\":\"https:\\\/\\\/www.systra.com\\\/france\\\/wp-content\\\/uploads\\\/sites\\\/4\\\/2021\\\/03\\\/velo_station_lyon-scaled.jpg\",\"datePublished\":\"2021-03-30T13:35:21+00:00\",\"dateModified\":\"2025-09-08T13:46:33+00:00\",\"description\":\"Grand Lyon M\u00e9tropole souhaite disposer d\u2019une vision des besoins actuels et futurs afin de b\u00e2tir une politique en faveur du v\u00e9lo \u00e0 l\u2019\u00e9chelle\",\"breadcrumb\":{\"@id\":\"https:\\\/\\\/www.systra.com\\\/france\\\/project\\\/assistance-a-lelaboration-dun-schema-directeur-du-stationnement-velo-a-lyon\\\/#breadcrumb\"},\"inLanguage\":\"fr-FR\",\"potentialAction\":[{\"@type\":\"ReadAction\",\"target\":[\"https:\\\/\\\/www.systra.com\\\/france\\\/project\\\/assistance-a-lelaboration-dun-schema-directeur-du-stationnement-velo-a-lyon\\\/\"]}]},{\"@type\":\"ImageObject\",\"inLanguage\":\"fr-FR\",\"@id\":\"https:\\\/\\\/www.systra.com\\\/france\\\/project\\\/assistance-a-lelaboration-dun-schema-directeur-du-stationnement-velo-a-lyon\\\/#primaryimage\",\"url\":\"https:\\\/\\\/www.systra.com\\\/france\\\/wp-content\\\/uploads\\\/sites\\\/4\\\/2021\\\/03\\\/velo_station_lyon-scaled.jpg\",\"contentUrl\":\"https:\\\/\\\/www.systra.com\\\/france\\\/wp-content\\\/uploads\\\/sites\\\/4\\\/2021\\\/03\\\/velo_station_lyon-scaled.jpg\",\"width\":1920,\"height\":2560},{\"@type\":\"BreadcrumbList\",\"@id\":\"https:\\\/\\\/www.systra.com\\\/france\\\/project\\\/assistance-a-lelaboration-dun-schema-directeur-du-stationnement-velo-a-lyon\\\/#breadcrumb\",\"itemListElement\":[{\"@type\":\"ListItem\",\"position\":1,\"name\":\"Home\",\"item\":\"https:\\\/\\\/www.systra.com\\\/france\"},{\"@type\":\"ListItem\",\"position\":2,\"name\":\"Nos projets\"}]},{\"@type\":\"WebSite\",\"@id\":\"https:\\\/\\\/www.systra.com\\\/france\\\/#website\",\"url\":\"https:\\\/\\\/www.systra.com\\\/france\\\/\",\"name\":\"France\",\"description\":\"La confiance transporte le monde\",\"publisher\":{\"@id\":\"https:\\\/\\\/www.systra.com\\\/france\\\/#organization\"},\"potentialAction\":[{\"@type\":\"SearchAction\",\"target\":{\"@type\":\"EntryPoint\",\"urlTemplate\":\"https:\\\/\\\/www.systra.com\\\/france\\\/?s={search_term_string}\"},\"query-input\":{\"@type\":\"PropertyValueSpecification\",\"valueRequired\":true,\"valueName\":\"search_term_string\"}}],\"inLanguage\":\"fr-FR\"},{\"@type\":\"Organization\",\"@id\":\"https:\\\/\\\/www.systra.com\\\/france\\\/#organization\",\"name\":\"Systra France\",\"url\":\"https:\\\/\\\/www.systra.com\\\/france\\\/\",\"logo\":{\"@type\":\"ImageObject\",\"inLanguage\":\"fr-FR\",\"@id\":\"https:\\\/\\\/www.systra.com\\\/france\\\/#\\\/schema\\\/logo\\\/image\\\/\",\"url\":\"https:\\\/\\\/www.systra.com\\\/france\\\/wp-content\\\/uploads\\\/sites\\\/4\\\/2021\\\/03\\\/systra_logo_svg.svg\",\"contentUrl\":\"https:\\\/\\\/www.systra.com\\\/france\\\/wp-content\\\/uploads\\\/sites\\\/4\\\/2021\\\/03\\\/systra_logo_svg.svg\",\"width\":179,\"height\":34,\"caption\":\"Systra France\"},\"image\":{\"@id\":\"https:\\\/\\\/www.systra.com\\\/france\\\/#\\\/schema\\\/logo\\\/image\\\/\"},\"sameAs\":[\"https:\\\/\\\/www.facebook.com\\\/SYSTRA\",\"https:\\\/\\\/x.com\\\/SYSTRA_LTD\",\"https:\\\/\\\/www.linkedin.com\\\/company\\\/systra\\\/\"]}]}<\/script>\n<!-- \/ Yoast SEO Premium plugin. -->","yoast_head_json":{"title":"Assistance \u00e0 l\u2019\u00e9laboration d\u2019un sch\u00e9ma directeur du stationnement v\u00e9lo \u00e0 Lyon - France","description":"Grand Lyon M\u00e9tropole souhaite disposer d\u2019une vision des besoins actuels et futurs afin de b\u00e2tir une politique en faveur du v\u00e9lo \u00e0 l\u2019\u00e9chelle","robots":{"index":"index","follow":"follow","max-snippet":"max-snippet:-1","max-image-preview":"max-image-preview:large","max-video-preview":"max-video-preview:-1"},"og_locale":"fr_FR","og_type":"article","og_title":"Assistance \u00e0 l\u2019\u00e9laboration d\u2019un sch\u00e9ma directeur du stationnement v\u00e9lo \u00e0 Lyon","og_description":"Grand Lyon M\u00e9tropole souhaite disposer d\u2019une vision des besoins actuels et futurs afin de b\u00e2tir une politique en faveur du v\u00e9lo \u00e0 l\u2019\u00e9chelle","og_url":"https:\/\/www.systra.com\/france\/project\/assistance-a-lelaboration-dun-schema-directeur-du-stationnement-velo-a-lyon\/","og_site_name":"France","article_publisher":"https:\/\/www.facebook.com\/SYSTRA","article_modified_time":"2025-09-08T13:46:33+00:00","og_image":[{"width":1920,"height":2560,"url":"https:\/\/www.systra.com\/france\/wp-content\/uploads\/sites\/4\/2021\/03\/velo_station_lyon-scaled.jpg","type":"image\/jpeg"}],"twitter_card":"summary_large_image","twitter_site":"@SYSTRA_LTD","twitter_misc":{"Dur\u00e9e de lecture estim\u00e9e":"3 minutes"},"schema":{"@context":"https:\/\/schema.org","@graph":[{"@type":"WebPage","@id":"https:\/\/www.systra.com\/france\/project\/assistance-a-lelaboration-dun-schema-directeur-du-stationnement-velo-a-lyon\/","url":"https:\/\/www.systra.com\/france\/project\/assistance-a-lelaboration-dun-schema-directeur-du-stationnement-velo-a-lyon\/","name":"Assistance \u00e0 l\u2019\u00e9laboration d\u2019un sch\u00e9ma directeur du stationnement v\u00e9lo \u00e0 Lyon - France","isPartOf":{"@id":"https:\/\/www.systra.com\/france\/#website"},"primaryImageOfPage":{"@id":"https:\/\/www.systra.com\/france\/project\/assistance-a-lelaboration-dun-schema-directeur-du-stationnement-velo-a-lyon\/#primaryimage"},"image":{"@id":"https:\/\/www.systra.com\/france\/project\/assistance-a-lelaboration-dun-schema-directeur-du-stationnement-velo-a-lyon\/#primaryimage"},"thumbnailUrl":"https:\/\/www.systra.com\/france\/wp-content\/uploads\/sites\/4\/2021\/03\/velo_station_lyon-scaled.jpg","datePublished":"2021-03-30T13:35:21+00:00","dateModified":"2025-09-08T13:46:33+00:00","description":"Grand Lyon M\u00e9tropole souhaite disposer d\u2019une vision des besoins actuels et futurs afin de b\u00e2tir une politique en faveur du v\u00e9lo \u00e0 l\u2019\u00e9chelle","breadcrumb":{"@id":"https:\/\/www.systra.com\/france\/project\/assistance-a-lelaboration-dun-schema-directeur-du-stationnement-velo-a-lyon\/#breadcrumb"},"inLanguage":"fr-FR","potentialAction":[{"@type":"ReadAction","target":["https:\/\/www.systra.com\/france\/project\/assistance-a-lelaboration-dun-schema-directeur-du-stationnement-velo-a-lyon\/"]}]},{"@type":"ImageObject","inLanguage":"fr-FR","@id":"https:\/\/www.systra.com\/france\/project\/assistance-a-lelaboration-dun-schema-directeur-du-stationnement-velo-a-lyon\/#primaryimage","url":"https:\/\/www.systra.com\/france\/wp-content\/uploads\/sites\/4\/2021\/03\/velo_station_lyon-scaled.jpg","contentUrl":"https:\/\/www.systra.com\/france\/wp-content\/uploads\/sites\/4\/2021\/03\/velo_station_lyon-scaled.jpg","width":1920,"height":2560},{"@type":"BreadcrumbList","@id":"https:\/\/www.systra.com\/france\/project\/assistance-a-lelaboration-dun-schema-directeur-du-stationnement-velo-a-lyon\/#breadcrumb","itemListElement":[{"@type":"ListItem","position":1,"name":"Home","item":"https:\/\/www.systra.com\/france"},{"@type":"ListItem","position":2,"name":"Nos projets"}]},{"@type":"WebSite","@id":"https:\/\/www.systra.com\/france\/#website","url":"https:\/\/www.systra.com\/france\/","name":"France","description":"La confiance transporte le monde","publisher":{"@id":"https:\/\/www.systra.com\/france\/#organization"},"potentialAction":[{"@type":"SearchAction","target":{"@type":"EntryPoint","urlTemplate":"https:\/\/www.systra.com\/france\/?s={search_term_string}"},"query-input":{"@type":"PropertyValueSpecification","valueRequired":true,"valueName":"search_term_string"}}],"inLanguage":"fr-FR"},{"@type":"Organization","@id":"https:\/\/www.systra.com\/france\/#organization","name":"Systra France","url":"https:\/\/www.systra.com\/france\/","logo":{"@type":"ImageObject","inLanguage":"fr-FR","@id":"https:\/\/www.systra.com\/france\/#\/schema\/logo\/image\/","url":"https:\/\/www.systra.com\/france\/wp-content\/uploads\/sites\/4\/2021\/03\/systra_logo_svg.svg","contentUrl":"https:\/\/www.systra.com\/france\/wp-content\/uploads\/sites\/4\/2021\/03\/systra_logo_svg.svg","width":179,"height":34,"caption":"Systra France"},"image":{"@id":"https:\/\/www.systra.com\/france\/#\/schema\/logo\/image\/"},"sameAs":["https:\/\/www.facebook.com\/SYSTRA","https:\/\/x.com\/SYSTRA_LTD","https:\/\/www.linkedin.com\/company\/systra\/"]}]}},"lang":"fr","translations":{"fr":667},"pll_sync_post":[],"_links":{"self":[{"href":"https:\/\/www.systra.com\/france\/wp-json\/wp\/v2\/projects\/667","targetHints":{"allow":["GET"]}}],"collection":[{"href":"https:\/\/www.systra.com\/france\/wp-json\/wp\/v2\/projects"}],"about":[{"href":"https:\/\/www.systra.com\/france\/wp-json\/wp\/v2\/types\/projects"}],"author":[{"embeddable":true,"href":"https:\/\/www.systra.com\/france\/wp-json\/wp\/v2\/users\/23"}],"version-history":[{"count":1,"href":"https:\/\/www.systra.com\/france\/wp-json\/wp\/v2\/projects\/667\/revisions"}],"predecessor-version":[{"id":38281,"href":"https:\/\/www.systra.com\/france\/wp-json\/wp\/v2\/projects\/667\/revisions\/38281"}],"wp:featuredmedia":[{"embeddable":true,"href":"https:\/\/www.systra.com\/france\/wp-json\/wp\/v2\/media\/701"}],"wp:attachment":[{"href":"https:\/\/www.systra.com\/france\/wp-json\/wp\/v2\/media?parent=667"}],"wp:term":[{"taxonomy":"type-market","embeddable":true,"href":"https:\/\/www.systra.com\/france\/wp-json\/wp\/v2\/type-market?post=667"},{"taxonomy":"project-market","embeddable":true,"href":"https:\/\/www.systra.com\/france\/wp-json\/wp\/v2\/project-market?post=667"},{"taxonomy":"project-service","embeddable":true,"href":"https:\/\/www.systra.com\/france\/wp-json\/wp\/v2\/project-service?post=667"},{"taxonomy":"project-location","embeddable":true,"href":"https:\/\/www.systra.com\/france\/wp-json\/wp\/v2\/project-location?post=667"},{"taxonomy":"type-service","embeddable":true,"href":"https:\/\/www.systra.com\/france\/wp-json\/wp\/v2\/type-service?post=667"},{"taxonomy":"type-solution","embeddable":true,"href":"https:\/\/www.systra.com\/france\/wp-json\/wp\/v2\/type-solution?post=667"}],"curies":[{"name":"wp","href":"https:\/\/api.w.org\/{rel}","templated":true}]}}