{"id":204,"date":"2021-03-19T10:08:14","date_gmt":"2021-03-19T09:08:14","guid":{"rendered":"https:\/\/www.systra.com\/france\/?post_type=projects&#038;p=204"},"modified":"2025-09-11T11:01:27","modified_gmt":"2025-09-11T09:01:27","slug":"developpement-de-la-ligne-des-chemins-de-fer-de-provence","status":"publish","type":"projects","link":"https:\/\/www.systra.com\/france\/project\/developpement-de-la-ligne-des-chemins-de-fer-de-provence\/","title":{"rendered":"D\u00e9veloppement de la ligne des Chemins de fer de Provence"},"content":{"rendered":"\n<div class=\"wp-block-columns is-layout-flex wp-container-core-columns-is-layout-9d6595d7 wp-block-columns-is-layout-flex\">\n<div class=\"wp-block-column is-layout-flow wp-block-column-is-layout-flow\"><div class=\"content-top-project\">\n    <div class=\"content-top-details\">\n        <svg class=\"icon-sprite details-logo\"><use xlink:href=\"#icon_deco_systra_blanc\" \/>\n        <div class=\"title\">Technical details<\/div>\n        \t        <div class=\"single-content\">\n\t            <div class=\"subtitle\">Customer<\/div>\n\t            <div class=\"desc\">R\u00e9gion PACA<\/div>\n\t        <\/div>\n                    <div class=\"single-content\">\n                <div class=\"subtitle\">Dates<\/div>\n                <div class=\"desc\"><p>2017 \u2013 2023 (6 ans)<\/p>\n<\/div>\n            <\/div>\n                    <div class=\"single-content\">\n                <div class=\"subtitle\">Missions<\/div>\n                <div class=\"desc\">Assistance \u00e0 Ma\u00eetrise d&#039;Ouvrage<\/div>\n            <\/div>\n                    <div class=\"single-content\">\n                <div class=\"subtitle\">Localisation<\/div>\n                <div class=\"desc\">PROVENCE &#8211; ALPES &#8211; C\u00d4TE D&#039;AZUR<\/div>\n            <\/div>\n                    <div class=\"single-content\">\n                <div class=\"subtitle\">Activity<\/div>\n                <div class=\"desc\">Dessertes interurbaines<\/div>\n            <\/div>\n           \n            \n    <\/div>\n<\/div>\n\n\n\n<div class=\"wp-block-column is-layout-flow wp-block-column-is-layout-flow\">\n<p class=\"has-dusty-blue-color has-text-color\"><strong><br>L\u2019insuffisance de l\u2019offre de transports en commun <strong>en R\u00e9gion Provence-Alpes-C\u00f4te d\u2019Azur<\/strong> entra\u00eene une congestion g\u00e9n\u00e9ralis\u00e9e des r\u00e9seaux routiers aux abords des m\u00e9tropoles r\u00e9gionales. <\/strong><\/p>\n\n\n\n<figure class=\"wp-block-image size-large\"><img decoding=\"async\" width=\"1024\" height=\"681\" src=\"https:\/\/www.systra.com\/france\/wp-content\/uploads\/sites\/4\/2021\/06\/plan-du-var-2-min-1024x681.png\" alt=\"\" class=\"wp-image-1274\" srcset=\"https:\/\/www.systra.com\/france\/wp-content\/uploads\/sites\/4\/2021\/06\/plan-du-var-2-min-1024x681.png 1024w, https:\/\/www.systra.com\/france\/wp-content\/uploads\/sites\/4\/2021\/06\/plan-du-var-2-min-300x200.png 300w, https:\/\/www.systra.com\/france\/wp-content\/uploads\/sites\/4\/2021\/06\/plan-du-var-2-min-768x511.png 768w, https:\/\/www.systra.com\/france\/wp-content\/uploads\/sites\/4\/2021\/06\/plan-du-var-2-min-1536x1022.png 1536w, https:\/\/www.systra.com\/france\/wp-content\/uploads\/sites\/4\/2021\/06\/plan-du-var-2-min-2048x1363.png 2048w, https:\/\/www.systra.com\/france\/wp-content\/uploads\/sites\/4\/2021\/06\/plan-du-var-2-min-375x250.png 375w, https:\/\/www.systra.com\/france\/wp-content\/uploads\/sites\/4\/2021\/06\/plan-du-var-2-min-376x250.png 376w, https:\/\/www.systra.com\/france\/wp-content\/uploads\/sites\/4\/2021\/06\/plan-du-var-2-min-474x315.png 474w, https:\/\/www.systra.com\/france\/wp-content\/uploads\/sites\/4\/2021\/06\/plan-du-var-2-min-75x50.png 75w, https:\/\/www.systra.com\/france\/wp-content\/uploads\/sites\/4\/2021\/06\/plan-du-var-2-min-1700x1131.png 1700w, https:\/\/www.systra.com\/france\/wp-content\/uploads\/sites\/4\/2021\/06\/plan-du-var-2-min-1352x900.png 1352w, https:\/\/www.systra.com\/france\/wp-content\/uploads\/sites\/4\/2021\/06\/plan-du-var-2-min-800x532.png 800w, https:\/\/www.systra.com\/france\/wp-content\/uploads\/sites\/4\/2021\/06\/plan-du-var-2-min-180x120.png 180w, https:\/\/www.systra.com\/france\/wp-content\/uploads\/sites\/4\/2021\/06\/plan-du-var-2-min-153x102.png 153w, https:\/\/www.systra.com\/france\/wp-content\/uploads\/sites\/4\/2021\/06\/plan-du-var-2-min-230x153.png 230w\" sizes=\"(max-width: 1024px) 100vw, 1024px\" \/><\/figure>\n\n\n\n<h3 class=\"wp-block-heading\">Favoriser le report modal autour de Nice<\/h3>\n\n\n\n<div style=\"height:20px\" aria-hidden=\"true\" class=\"wp-block-spacer\"><\/div>\n\n\n\n<p><strong>La R\u00e9gion, dont la population atteint d\u00e9j\u00e0 5 millions d\u2019habitants, devrait atteindre 6 millions d\u2019habitants dans une quinzaine d\u2019ann\u00e9es. Elle accueille en outre plus de 37 millions de touristes chaque ann\u00e9e. Or elle dispose du plus petit lin\u00e9aire de voie ferr\u00e9e par habitant de France.&nbsp;<\/strong><\/p>\n\n\n\n<p>Le d\u00e9veloppement de la ligne de Nice \u00e0 Plan-du-Var consiste \u00e0 d\u00e9velopper l\u2019offre de transport sur la partie de la ligne qui se trouve en zone urbaine et p\u00e9riurbaine de l\u2019agglom\u00e9ration ni\u00e7oise, sur une longueur de 25 km. L\u2019objectif de l\u2019op\u00e9ration est de favoriser le report modal et de faire de cette ligne ferroviaire un axe structurant.&nbsp;&nbsp;<\/p>\n\n\n\n<p>L\u2019op\u00e9ration comprend la cr\u00e9ation de p\u00f4les d\u2019\u00e9changes multimodaux et d\u2019un atelier de maintenance et de remisage pour le mat\u00e9riel roulant dont le parc a \u00e9t\u00e9 augment\u00e9, l\u2019am\u00e9lioration de la signalisation ferroviaire, la mise aux normes en mati\u00e8re d\u2019accessibilit\u00e9, la modernisation de l\u2019accueil et de l\u2019information voyageurs.&nbsp;<\/p>\n\n\n\n<p>SYSTRA r\u00e9alise une mission d\u2019assistance \u00e0 ma\u00eetrise d\u2019ouvrage op\u00e9rationnelle aupr\u00e8s de la R\u00e9gion Sud &#8211; Provence-Alpes-C\u00f4te d\u2019Azur. Il s\u2019agit de d\u00e9finir les conditions administratives et techniques selon lesquelles l\u2019op\u00e9ration sera r\u00e9alis\u00e9e, et de piloter les march\u00e9s de ma\u00eetrise d\u2019\u0153uvre d\u2019\u00e9tudes ainsi que les contrats de travaux.&nbsp;<\/p>\n<\/div>\n<\/div>\n\n\n\n<p><\/p>\n","protected":false},"author":23,"featured_media":1275,"parent":0,"template":"","type-market":[],"project-market":[19298,19296],"project-service":[],"project-location":[19310],"type-service":[],"type-solution":[],"class_list":["post-204","projects","type-projects","status-publish","has-post-thumbnail","hentry","project-market-genie-civil","project-market-mobilite","project-location-provence-alpes-dazur"],"acf":[],"yoast_head":"<!-- This site is optimized with the Yoast SEO Premium plugin v27.4 (Yoast SEO v27.4) - https:\/\/yoast.com\/product\/yoast-seo-premium-wordpress\/ -->\n<title>D\u00e9veloppement de la ligne des Chemins de fer de Provence - France<\/title>\n<meta name=\"description\" content=\"L\u2019insuffisance de l\u2019offre de transports en commun en R\u00e9gion Provence-Alpes-C\u00f4te d\u2019Azur entra\u00eene une congestion g\u00e9n\u00e9ralis\u00e9e des r\u00e9seaux routiers aux abords\" \/>\n<meta name=\"robots\" content=\"index, follow, max-snippet:-1, max-image-preview:large, max-video-preview:-1\" \/>\n<meta property=\"og:locale\" content=\"fr_FR\" \/>\n<meta property=\"og:type\" content=\"article\" \/>\n<meta property=\"og:title\" content=\"D\u00e9veloppement de la ligne des Chemins de fer de Provence\" \/>\n<meta property=\"og:description\" content=\"L\u2019insuffisance de l\u2019offre de transports en commun en R\u00e9gion Provence-Alpes-C\u00f4te d\u2019Azur entra\u00eene une congestion g\u00e9n\u00e9ralis\u00e9e des r\u00e9seaux routiers aux abords\" \/>\n<meta property=\"og:url\" content=\"https:\/\/www.systra.com\/france\/project\/developpement-de-la-ligne-des-chemins-de-fer-de-provence\/\" \/>\n<meta property=\"og:site_name\" content=\"France\" \/>\n<meta property=\"article:publisher\" content=\"https:\/\/www.facebook.com\/SYSTRA\" \/>\n<meta property=\"article:modified_time\" content=\"2025-09-11T09:01:27+00:00\" \/>\n<meta property=\"og:image\" content=\"https:\/\/www.systra.com\/france\/wp-content\/uploads\/sites\/4\/2021\/03\/plan-du-var-min-min-e1623232906570.png\" \/>\n\t<meta property=\"og:image:width\" content=\"2560\" \/>\n\t<meta property=\"og:image:height\" content=\"1676\" \/>\n\t<meta property=\"og:image:type\" content=\"image\/png\" \/>\n<meta name=\"twitter:card\" content=\"summary_large_image\" \/>\n<meta name=\"twitter:site\" content=\"@SYSTRA_LTD\" \/>\n<meta name=\"twitter:label1\" content=\"Dur\u00e9e de lecture estim\u00e9e\" \/>\n\t<meta name=\"twitter:data1\" content=\"2 minutes\" \/>\n<script type=\"application\/ld+json\" class=\"yoast-schema-graph\">{\"@context\":\"https:\\\/\\\/schema.org\",\"@graph\":[{\"@type\":\"WebPage\",\"@id\":\"https:\\\/\\\/www.systra.com\\\/france\\\/project\\\/developpement-de-la-ligne-des-chemins-de-fer-de-provence\\\/\",\"url\":\"https:\\\/\\\/www.systra.com\\\/france\\\/project\\\/developpement-de-la-ligne-des-chemins-de-fer-de-provence\\\/\",\"name\":\"D\u00e9veloppement de la ligne des Chemins de fer de Provence - France\",\"isPartOf\":{\"@id\":\"https:\\\/\\\/www.systra.com\\\/france\\\/#website\"},\"primaryImageOfPage\":{\"@id\":\"https:\\\/\\\/www.systra.com\\\/france\\\/project\\\/developpement-de-la-ligne-des-chemins-de-fer-de-provence\\\/#primaryimage\"},\"image\":{\"@id\":\"https:\\\/\\\/www.systra.com\\\/france\\\/project\\\/developpement-de-la-ligne-des-chemins-de-fer-de-provence\\\/#primaryimage\"},\"thumbnailUrl\":\"https:\\\/\\\/www.systra.com\\\/france\\\/wp-content\\\/uploads\\\/sites\\\/4\\\/2021\\\/03\\\/plan-du-var-min-min-e1623232906570.png\",\"datePublished\":\"2021-03-19T09:08:14+00:00\",\"dateModified\":\"2025-09-11T09:01:27+00:00\",\"description\":\"L\u2019insuffisance de l\u2019offre de transports en commun en R\u00e9gion Provence-Alpes-C\u00f4te d\u2019Azur entra\u00eene une congestion g\u00e9n\u00e9ralis\u00e9e des r\u00e9seaux routiers aux abords\",\"breadcrumb\":{\"@id\":\"https:\\\/\\\/www.systra.com\\\/france\\\/project\\\/developpement-de-la-ligne-des-chemins-de-fer-de-provence\\\/#breadcrumb\"},\"inLanguage\":\"fr-FR\",\"potentialAction\":[{\"@type\":\"ReadAction\",\"target\":[\"https:\\\/\\\/www.systra.com\\\/france\\\/project\\\/developpement-de-la-ligne-des-chemins-de-fer-de-provence\\\/\"]}]},{\"@type\":\"ImageObject\",\"inLanguage\":\"fr-FR\",\"@id\":\"https:\\\/\\\/www.systra.com\\\/france\\\/project\\\/developpement-de-la-ligne-des-chemins-de-fer-de-provence\\\/#primaryimage\",\"url\":\"https:\\\/\\\/www.systra.com\\\/france\\\/wp-content\\\/uploads\\\/sites\\\/4\\\/2021\\\/03\\\/plan-du-var-min-min-e1623232906570.png\",\"contentUrl\":\"https:\\\/\\\/www.systra.com\\\/france\\\/wp-content\\\/uploads\\\/sites\\\/4\\\/2021\\\/03\\\/plan-du-var-min-min-e1623232906570.png\",\"width\":2560,\"height\":1676},{\"@type\":\"BreadcrumbList\",\"@id\":\"https:\\\/\\\/www.systra.com\\\/france\\\/project\\\/developpement-de-la-ligne-des-chemins-de-fer-de-provence\\\/#breadcrumb\",\"itemListElement\":[{\"@type\":\"ListItem\",\"position\":1,\"name\":\"Home\",\"item\":\"https:\\\/\\\/www.systra.com\\\/france\"},{\"@type\":\"ListItem\",\"position\":2,\"name\":\"Nos projets\"}]},{\"@type\":\"WebSite\",\"@id\":\"https:\\\/\\\/www.systra.com\\\/france\\\/#website\",\"url\":\"https:\\\/\\\/www.systra.com\\\/france\\\/\",\"name\":\"France\",\"description\":\"La confiance transporte le monde\",\"publisher\":{\"@id\":\"https:\\\/\\\/www.systra.com\\\/france\\\/#organization\"},\"potentialAction\":[{\"@type\":\"SearchAction\",\"target\":{\"@type\":\"EntryPoint\",\"urlTemplate\":\"https:\\\/\\\/www.systra.com\\\/france\\\/?s={search_term_string}\"},\"query-input\":{\"@type\":\"PropertyValueSpecification\",\"valueRequired\":true,\"valueName\":\"search_term_string\"}}],\"inLanguage\":\"fr-FR\"},{\"@type\":\"Organization\",\"@id\":\"https:\\\/\\\/www.systra.com\\\/france\\\/#organization\",\"name\":\"Systra France\",\"url\":\"https:\\\/\\\/www.systra.com\\\/france\\\/\",\"logo\":{\"@type\":\"ImageObject\",\"inLanguage\":\"fr-FR\",\"@id\":\"https:\\\/\\\/www.systra.com\\\/france\\\/#\\\/schema\\\/logo\\\/image\\\/\",\"url\":\"https:\\\/\\\/www.systra.com\\\/france\\\/wp-content\\\/uploads\\\/sites\\\/4\\\/2021\\\/03\\\/systra_logo_svg.svg\",\"contentUrl\":\"https:\\\/\\\/www.systra.com\\\/france\\\/wp-content\\\/uploads\\\/sites\\\/4\\\/2021\\\/03\\\/systra_logo_svg.svg\",\"width\":179,\"height\":34,\"caption\":\"Systra France\"},\"image\":{\"@id\":\"https:\\\/\\\/www.systra.com\\\/france\\\/#\\\/schema\\\/logo\\\/image\\\/\"},\"sameAs\":[\"https:\\\/\\\/www.facebook.com\\\/SYSTRA\",\"https:\\\/\\\/x.com\\\/SYSTRA_LTD\",\"https:\\\/\\\/www.linkedin.com\\\/company\\\/systra\\\/\"]}]}<\/script>\n<!-- \/ Yoast SEO Premium plugin. -->","yoast_head_json":{"title":"D\u00e9veloppement de la ligne des Chemins de fer de Provence - France","description":"L\u2019insuffisance de l\u2019offre de transports en commun en R\u00e9gion Provence-Alpes-C\u00f4te d\u2019Azur entra\u00eene une congestion g\u00e9n\u00e9ralis\u00e9e des r\u00e9seaux routiers aux abords","robots":{"index":"index","follow":"follow","max-snippet":"max-snippet:-1","max-image-preview":"max-image-preview:large","max-video-preview":"max-video-preview:-1"},"og_locale":"fr_FR","og_type":"article","og_title":"D\u00e9veloppement de la ligne des Chemins de fer de Provence","og_description":"L\u2019insuffisance de l\u2019offre de transports en commun en R\u00e9gion Provence-Alpes-C\u00f4te d\u2019Azur entra\u00eene une congestion g\u00e9n\u00e9ralis\u00e9e des r\u00e9seaux routiers aux abords","og_url":"https:\/\/www.systra.com\/france\/project\/developpement-de-la-ligne-des-chemins-de-fer-de-provence\/","og_site_name":"France","article_publisher":"https:\/\/www.facebook.com\/SYSTRA","article_modified_time":"2025-09-11T09:01:27+00:00","og_image":[{"width":2560,"height":1676,"url":"https:\/\/www.systra.com\/france\/wp-content\/uploads\/sites\/4\/2021\/03\/plan-du-var-min-min-e1623232906570.png","type":"image\/png"}],"twitter_card":"summary_large_image","twitter_site":"@SYSTRA_LTD","twitter_misc":{"Dur\u00e9e de lecture estim\u00e9e":"2 minutes"},"schema":{"@context":"https:\/\/schema.org","@graph":[{"@type":"WebPage","@id":"https:\/\/www.systra.com\/france\/project\/developpement-de-la-ligne-des-chemins-de-fer-de-provence\/","url":"https:\/\/www.systra.com\/france\/project\/developpement-de-la-ligne-des-chemins-de-fer-de-provence\/","name":"D\u00e9veloppement de la ligne des Chemins de fer de Provence - France","isPartOf":{"@id":"https:\/\/www.systra.com\/france\/#website"},"primaryImageOfPage":{"@id":"https:\/\/www.systra.com\/france\/project\/developpement-de-la-ligne-des-chemins-de-fer-de-provence\/#primaryimage"},"image":{"@id":"https:\/\/www.systra.com\/france\/project\/developpement-de-la-ligne-des-chemins-de-fer-de-provence\/#primaryimage"},"thumbnailUrl":"https:\/\/www.systra.com\/france\/wp-content\/uploads\/sites\/4\/2021\/03\/plan-du-var-min-min-e1623232906570.png","datePublished":"2021-03-19T09:08:14+00:00","dateModified":"2025-09-11T09:01:27+00:00","description":"L\u2019insuffisance de l\u2019offre de transports en commun en R\u00e9gion Provence-Alpes-C\u00f4te d\u2019Azur entra\u00eene une congestion g\u00e9n\u00e9ralis\u00e9e des r\u00e9seaux routiers aux abords","breadcrumb":{"@id":"https:\/\/www.systra.com\/france\/project\/developpement-de-la-ligne-des-chemins-de-fer-de-provence\/#breadcrumb"},"inLanguage":"fr-FR","potentialAction":[{"@type":"ReadAction","target":["https:\/\/www.systra.com\/france\/project\/developpement-de-la-ligne-des-chemins-de-fer-de-provence\/"]}]},{"@type":"ImageObject","inLanguage":"fr-FR","@id":"https:\/\/www.systra.com\/france\/project\/developpement-de-la-ligne-des-chemins-de-fer-de-provence\/#primaryimage","url":"https:\/\/www.systra.com\/france\/wp-content\/uploads\/sites\/4\/2021\/03\/plan-du-var-min-min-e1623232906570.png","contentUrl":"https:\/\/www.systra.com\/france\/wp-content\/uploads\/sites\/4\/2021\/03\/plan-du-var-min-min-e1623232906570.png","width":2560,"height":1676},{"@type":"BreadcrumbList","@id":"https:\/\/www.systra.com\/france\/project\/developpement-de-la-ligne-des-chemins-de-fer-de-provence\/#breadcrumb","itemListElement":[{"@type":"ListItem","position":1,"name":"Home","item":"https:\/\/www.systra.com\/france"},{"@type":"ListItem","position":2,"name":"Nos projets"}]},{"@type":"WebSite","@id":"https:\/\/www.systra.com\/france\/#website","url":"https:\/\/www.systra.com\/france\/","name":"France","description":"La confiance transporte le monde","publisher":{"@id":"https:\/\/www.systra.com\/france\/#organization"},"potentialAction":[{"@type":"SearchAction","target":{"@type":"EntryPoint","urlTemplate":"https:\/\/www.systra.com\/france\/?s={search_term_string}"},"query-input":{"@type":"PropertyValueSpecification","valueRequired":true,"valueName":"search_term_string"}}],"inLanguage":"fr-FR"},{"@type":"Organization","@id":"https:\/\/www.systra.com\/france\/#organization","name":"Systra France","url":"https:\/\/www.systra.com\/france\/","logo":{"@type":"ImageObject","inLanguage":"fr-FR","@id":"https:\/\/www.systra.com\/france\/#\/schema\/logo\/image\/","url":"https:\/\/www.systra.com\/france\/wp-content\/uploads\/sites\/4\/2021\/03\/systra_logo_svg.svg","contentUrl":"https:\/\/www.systra.com\/france\/wp-content\/uploads\/sites\/4\/2021\/03\/systra_logo_svg.svg","width":179,"height":34,"caption":"Systra France"},"image":{"@id":"https:\/\/www.systra.com\/france\/#\/schema\/logo\/image\/"},"sameAs":["https:\/\/www.facebook.com\/SYSTRA","https:\/\/x.com\/SYSTRA_LTD","https:\/\/www.linkedin.com\/company\/systra\/"]}]}},"lang":"fr","translations":{"fr":204},"pll_sync_post":[],"_links":{"self":[{"href":"https:\/\/www.systra.com\/france\/wp-json\/wp\/v2\/projects\/204","targetHints":{"allow":["GET"]}}],"collection":[{"href":"https:\/\/www.systra.com\/france\/wp-json\/wp\/v2\/projects"}],"about":[{"href":"https:\/\/www.systra.com\/france\/wp-json\/wp\/v2\/types\/projects"}],"author":[{"embeddable":true,"href":"https:\/\/www.systra.com\/france\/wp-json\/wp\/v2\/users\/23"}],"version-history":[{"count":2,"href":"https:\/\/www.systra.com\/france\/wp-json\/wp\/v2\/projects\/204\/revisions"}],"predecessor-version":[{"id":38415,"href":"https:\/\/www.systra.com\/france\/wp-json\/wp\/v2\/projects\/204\/revisions\/38415"}],"wp:featuredmedia":[{"embeddable":true,"href":"https:\/\/www.systra.com\/france\/wp-json\/wp\/v2\/media\/1275"}],"wp:attachment":[{"href":"https:\/\/www.systra.com\/france\/wp-json\/wp\/v2\/media?parent=204"}],"wp:term":[{"taxonomy":"type-market","embeddable":true,"href":"https:\/\/www.systra.com\/france\/wp-json\/wp\/v2\/type-market?post=204"},{"taxonomy":"project-market","embeddable":true,"href":"https:\/\/www.systra.com\/france\/wp-json\/wp\/v2\/project-market?post=204"},{"taxonomy":"project-service","embeddable":true,"href":"https:\/\/www.systra.com\/france\/wp-json\/wp\/v2\/project-service?post=204"},{"taxonomy":"project-location","embeddable":true,"href":"https:\/\/www.systra.com\/france\/wp-json\/wp\/v2\/project-location?post=204"},{"taxonomy":"type-service","embeddable":true,"href":"https:\/\/www.systra.com\/france\/wp-json\/wp\/v2\/type-service?post=204"},{"taxonomy":"type-solution","embeddable":true,"href":"https:\/\/www.systra.com\/france\/wp-json\/wp\/v2\/type-solution?post=204"}],"curies":[{"name":"wp","href":"https:\/\/api.w.org\/{rel}","templated":true}]}}