{"id":203,"date":"2021-03-19T10:16:11","date_gmt":"2021-03-19T09:16:11","guid":{"rendered":"https:\/\/www.systra.com\/france\/?post_type=projects&#038;p=203"},"modified":"2025-09-11T17:45:13","modified_gmt":"2025-09-11T15:45:13","slug":"regeneration-de-la-ligne-ferroviaire-saint-gervais-a-vallorcine","status":"publish","type":"projects","link":"https:\/\/www.systra.com\/france\/project\/regeneration-de-la-ligne-ferroviaire-saint-gervais-a-vallorcine\/","title":{"rendered":"R\u00e9g\u00e9n\u00e9ration de la ligne ferroviaire Saint-Gervais \u00e0 Vallorcine"},"content":{"rendered":"\n<div class=\"wp-block-columns is-layout-flex wp-container-core-columns-is-layout-9d6595d7 wp-block-columns-is-layout-flex\">\n<div class=\"wp-block-column is-layout-flow wp-block-column-is-layout-flow\"><div class=\"content-top-project\">\n    <div class=\"content-top-details\">\n        <svg class=\"icon-sprite details-logo\"><use xlink:href=\"#icon_deco_systra_blanc\" \/>\n        <div class=\"title\">Technical details<\/div>\n        \t        <div class=\"single-content\">\n\t            <div class=\"subtitle\">Customer<\/div>\n\t            <div class=\"desc\">SNCF R\u00e9seau<\/div>\n\t        <\/div>\n                    <div class=\"single-content\">\n                <div class=\"subtitle\">Dates<\/div>\n                <div class=\"desc\"><p>2017 \u2013 2021 (4 ans)<\/p>\n<\/div>\n            <\/div>\n                    <div class=\"single-content\">\n                <div class=\"subtitle\">Missions<\/div>\n                <div class=\"desc\">Ma\u00eetrise d\u2019\u0153uvre \u00c9tudes et Travaux<\/div>\n            <\/div>\n                    <div class=\"single-content\">\n                <div class=\"subtitle\">Localisation<\/div>\n                <div class=\"desc\">AUVERGNE &#8211; RH\u00d4NE-ALPES<\/div>\n            <\/div>\n                    <div class=\"single-content\">\n                <div class=\"subtitle\">Activity<\/div>\n                <div class=\"desc\">R\u00e9seaux exploit\u00e9s<\/div>\n            <\/div>\n           \n            \n    <\/div>\n<\/div>\n\n\n\n<div class=\"wp-block-column is-layout-flow wp-block-column-is-layout-flow\">\n<p class=\"has-dusty-blue-color has-text-color\"><strong>Dans le cadre du Plan de D\u00e9placement Urbain de la Haute Vall\u00e9e de l\u2019Arve, les \u00e9lus locaux ont exprim\u00e9 la volont\u00e9 de faire du mode de transport ferroviaire l\u2019\u00e9pine dorsale des d\u00e9placements dans la vall\u00e9e. <\/strong> <\/p>\n\n\n\n<figure class=\"wp-block-image size-large\"><img decoding=\"async\" width=\"800\" height=\"600\" src=\"https:\/\/www.systra.com\/france\/wp-content\/uploads\/sites\/5\/2021\/03\/4400_-photo-3-2020-12-02-1.jpg\" alt=\"\" class=\"wp-image-637\" srcset=\"https:\/\/www.systra.com\/france\/wp-content\/uploads\/sites\/4\/2021\/03\/4400_-photo-3-2020-12-02-1.jpg 800w, https:\/\/www.systra.com\/france\/wp-content\/uploads\/sites\/4\/2021\/03\/4400_-photo-3-2020-12-02-1-300x225.jpg 300w, https:\/\/www.systra.com\/france\/wp-content\/uploads\/sites\/4\/2021\/03\/4400_-photo-3-2020-12-02-1-768x576.jpg 768w, https:\/\/www.systra.com\/france\/wp-content\/uploads\/sites\/4\/2021\/03\/4400_-photo-3-2020-12-02-1-474x356.jpg 474w, https:\/\/www.systra.com\/france\/wp-content\/uploads\/sites\/4\/2021\/03\/4400_-photo-3-2020-12-02-1-180x135.jpg 180w, https:\/\/www.systra.com\/france\/wp-content\/uploads\/sites\/4\/2021\/03\/4400_-photo-3-2020-12-02-1-153x115.jpg 153w, https:\/\/www.systra.com\/france\/wp-content\/uploads\/sites\/4\/2021\/03\/4400_-photo-3-2020-12-02-1-230x173.jpg 230w\" sizes=\"(max-width: 800px) 100vw, 800px\" \/><\/figure>\n\n\n\n<h3 class=\"wp-block-heading\">Faire du transport ferroviaire l&#8217;\u00e9pine dorsale de la vall\u00e9e de l&#8217;Arve<\/h3>\n\n\n\n<div style=\"height:20px\" aria-hidden=\"true\" class=\"wp-block-spacer\"><\/div>\n\n\n\n<p class=\"has-noir-color has-text-color\">La ligne de Saint-Gervais-les-Bains-Le Fayet \u00e0 Vallorcine, construite entre 1901 et 1908, est une ligne de chemin de fer \u00e9lectrifi\u00e9e de 36,9 km, \u00e0 voie unique et \u00e9troite, dite \u00e0 \u00e9cartement m\u00e9trique. Exclusivement d\u00e9di\u00e9e au trafic de voyageurs, elle relie la gare de Saint-Gervais-les-Bains-Le Fayet \u00e0 la fronti\u00e8re suisse, pr\u00e8s de Vallorcine.<\/p>\n\n\n\n<p>L\u2019op\u00e9ration de modernisation de l\u2019infrastructure ferroviaire poursuit trois objectifs : d\u00e9velopper le recours aux transports en commun pour les d\u00e9placements dans la Haute Vall\u00e9e de l\u2019Arve, d\u00e9senclaver la commune de Vallorcine et s\u00e9curiser l\u2019exploitation routi\u00e8re du tunnel des Montets.\u00a0<\/p>\n\n\n\n<p>Les travaux envisag\u00e9s dans le cadre de la modernisation de la ligne Saint-Gervais consistent en une op\u00e9ration de renouvellement et de modernisation de l\u2019infrastructure ferroviaire, afin de lui permettre de supporter avec fiabilit\u00e9 des circulations plus nombreuses et plus fr\u00e9quentes.&nbsp;&nbsp;<\/p>\n\n\n\n<p>SYSTRA r\u00e9alise la ma\u00eetrise d\u2019\u0153uvre g\u00e9n\u00e9rale du projet, de la phase d\u2019avant-projet\/Projet (APO) jusqu\u2019\u00e0 l\u2019assistance aux op\u00e9rations de r\u00e9ception et le parfait ach\u00e8vement. Ces missions sont compl\u00e9t\u00e9es par la r\u00e9alisation de missions compl\u00e9mentaires telle que la r\u00e9alisation du dossier d\u2019enqu\u00eate publique au titre du Code de l\u2019environnement.<\/p>\n\n\n\n<figure class=\"wp-block-image size-large\"><img decoding=\"async\" width=\"2325\" height=\"2329\" src=\"https:\/\/www.systra.com\/france\/wp-content\/uploads\/sites\/5\/2021\/03\/4400_-photo-4-2020-12-02-1-edited.jpg\" alt=\"\" class=\"wp-image-636\" srcset=\"https:\/\/www.systra.com\/france\/wp-content\/uploads\/sites\/4\/2021\/03\/4400_-photo-4-2020-12-02-1-edited.jpg 2325w, https:\/\/www.systra.com\/france\/wp-content\/uploads\/sites\/4\/2021\/03\/4400_-photo-4-2020-12-02-1-edited-300x300.jpg 300w, https:\/\/www.systra.com\/france\/wp-content\/uploads\/sites\/4\/2021\/03\/4400_-photo-4-2020-12-02-1-edited-1022x1024.jpg 1022w, https:\/\/www.systra.com\/france\/wp-content\/uploads\/sites\/4\/2021\/03\/4400_-photo-4-2020-12-02-1-edited-150x150.jpg 150w, https:\/\/www.systra.com\/france\/wp-content\/uploads\/sites\/4\/2021\/03\/4400_-photo-4-2020-12-02-1-edited-768x769.jpg 768w, https:\/\/www.systra.com\/france\/wp-content\/uploads\/sites\/4\/2021\/03\/4400_-photo-4-2020-12-02-1-edited-1533x1536.jpg 1533w, https:\/\/www.systra.com\/france\/wp-content\/uploads\/sites\/4\/2021\/03\/4400_-photo-4-2020-12-02-1-edited-2044x2048.jpg 2044w, https:\/\/www.systra.com\/france\/wp-content\/uploads\/sites\/4\/2021\/03\/4400_-photo-4-2020-12-02-1-edited-376x376.jpg 376w, https:\/\/www.systra.com\/france\/wp-content\/uploads\/sites\/4\/2021\/03\/4400_-photo-4-2020-12-02-1-edited-474x475.jpg 474w, https:\/\/www.systra.com\/france\/wp-content\/uploads\/sites\/4\/2021\/03\/4400_-photo-4-2020-12-02-1-edited-660x660.jpg 660w, https:\/\/www.systra.com\/france\/wp-content\/uploads\/sites\/4\/2021\/03\/4400_-photo-4-2020-12-02-1-edited-1700x1703.jpg 1700w, https:\/\/www.systra.com\/france\/wp-content\/uploads\/sites\/4\/2021\/03\/4400_-photo-4-2020-12-02-1-edited-1352x1354.jpg 1352w, https:\/\/www.systra.com\/france\/wp-content\/uploads\/sites\/4\/2021\/03\/4400_-photo-4-2020-12-02-1-edited-800x801.jpg 800w, https:\/\/www.systra.com\/france\/wp-content\/uploads\/sites\/4\/2021\/03\/4400_-photo-4-2020-12-02-1-edited-180x180.jpg 180w, https:\/\/www.systra.com\/france\/wp-content\/uploads\/sites\/4\/2021\/03\/4400_-photo-4-2020-12-02-1-edited-153x153.jpg 153w, https:\/\/www.systra.com\/france\/wp-content\/uploads\/sites\/4\/2021\/03\/4400_-photo-4-2020-12-02-1-edited-230x230.jpg 230w\" sizes=\"(max-width: 2325px) 100vw, 2325px\" \/><\/figure>\n<\/div>\n<\/div>\n","protected":false},"author":23,"featured_media":632,"parent":0,"template":"","type-market":[],"project-market":[19296],"project-service":[],"project-location":[19299],"type-service":[],"type-solution":[],"class_list":["post-203","projects","type-projects","status-publish","has-post-thumbnail","hentry","project-market-mobilite","project-location-auvergne-rhone-alpes"],"acf":[],"yoast_head":"<!-- This site is optimized with the Yoast SEO Premium plugin v27.4 (Yoast SEO v27.4) - https:\/\/yoast.com\/product\/yoast-seo-premium-wordpress\/ -->\n<title>R\u00e9g\u00e9n\u00e9ration de la ligne ferroviaire Saint-Gervais \u00e0 Vallorcine - France<\/title>\n<meta name=\"description\" content=\"Dans le cadre du Plan de D\u00e9placement Urbain de la Haute Vall\u00e9e de l\u2019Arve, les \u00e9lus locaux ont exprim\u00e9 la volont\u00e9 de faire du mode de transport ferroviaire\" \/>\n<meta name=\"robots\" content=\"index, follow, max-snippet:-1, max-image-preview:large, max-video-preview:-1\" \/>\n<meta property=\"og:locale\" content=\"fr_FR\" \/>\n<meta property=\"og:type\" content=\"article\" \/>\n<meta property=\"og:title\" content=\"R\u00e9g\u00e9n\u00e9ration de la ligne ferroviaire Saint-Gervais \u00e0 Vallorcine\" \/>\n<meta property=\"og:description\" content=\"Dans le cadre du Plan de D\u00e9placement Urbain de la Haute Vall\u00e9e de l\u2019Arve, les \u00e9lus locaux ont exprim\u00e9 la volont\u00e9 de faire du mode de transport ferroviaire\" \/>\n<meta property=\"og:url\" content=\"https:\/\/www.systra.com\/france\/project\/regeneration-de-la-ligne-ferroviaire-saint-gervais-a-vallorcine\/\" \/>\n<meta property=\"og:site_name\" content=\"France\" \/>\n<meta property=\"article:publisher\" content=\"https:\/\/www.facebook.com\/SYSTRA\" \/>\n<meta property=\"article:modified_time\" content=\"2025-09-11T15:45:13+00:00\" \/>\n<meta property=\"og:image\" content=\"https:\/\/www.systra.com\/france\/wp-content\/uploads\/sites\/4\/2021\/03\/4400_-photo-1-2020-12-02-1-e1617027493693.jpg\" \/>\n\t<meta property=\"og:image:width\" content=\"2016\" \/>\n\t<meta property=\"og:image:height\" content=\"954\" \/>\n\t<meta property=\"og:image:type\" content=\"image\/jpeg\" \/>\n<meta name=\"twitter:card\" content=\"summary_large_image\" \/>\n<meta name=\"twitter:site\" content=\"@SYSTRA_LTD\" \/>\n<meta name=\"twitter:label1\" content=\"Dur\u00e9e de lecture estim\u00e9e\" \/>\n\t<meta name=\"twitter:data1\" content=\"2 minutes\" \/>\n<script type=\"application\/ld+json\" class=\"yoast-schema-graph\">{\"@context\":\"https:\\\/\\\/schema.org\",\"@graph\":[{\"@type\":\"WebPage\",\"@id\":\"https:\\\/\\\/www.systra.com\\\/france\\\/project\\\/regeneration-de-la-ligne-ferroviaire-saint-gervais-a-vallorcine\\\/\",\"url\":\"https:\\\/\\\/www.systra.com\\\/france\\\/project\\\/regeneration-de-la-ligne-ferroviaire-saint-gervais-a-vallorcine\\\/\",\"name\":\"R\u00e9g\u00e9n\u00e9ration de la ligne ferroviaire Saint-Gervais \u00e0 Vallorcine - France\",\"isPartOf\":{\"@id\":\"https:\\\/\\\/www.systra.com\\\/france\\\/#website\"},\"primaryImageOfPage\":{\"@id\":\"https:\\\/\\\/www.systra.com\\\/france\\\/project\\\/regeneration-de-la-ligne-ferroviaire-saint-gervais-a-vallorcine\\\/#primaryimage\"},\"image\":{\"@id\":\"https:\\\/\\\/www.systra.com\\\/france\\\/project\\\/regeneration-de-la-ligne-ferroviaire-saint-gervais-a-vallorcine\\\/#primaryimage\"},\"thumbnailUrl\":\"https:\\\/\\\/www.systra.com\\\/france\\\/wp-content\\\/uploads\\\/sites\\\/4\\\/2021\\\/03\\\/4400_-photo-1-2020-12-02-1-e1617027493693.jpg\",\"datePublished\":\"2021-03-19T09:16:11+00:00\",\"dateModified\":\"2025-09-11T15:45:13+00:00\",\"description\":\"Dans le cadre du Plan de D\u00e9placement Urbain de la Haute Vall\u00e9e de l\u2019Arve, les \u00e9lus locaux ont exprim\u00e9 la volont\u00e9 de faire du mode de transport ferroviaire\",\"breadcrumb\":{\"@id\":\"https:\\\/\\\/www.systra.com\\\/france\\\/project\\\/regeneration-de-la-ligne-ferroviaire-saint-gervais-a-vallorcine\\\/#breadcrumb\"},\"inLanguage\":\"fr-FR\",\"potentialAction\":[{\"@type\":\"ReadAction\",\"target\":[\"https:\\\/\\\/www.systra.com\\\/france\\\/project\\\/regeneration-de-la-ligne-ferroviaire-saint-gervais-a-vallorcine\\\/\"]}]},{\"@type\":\"ImageObject\",\"inLanguage\":\"fr-FR\",\"@id\":\"https:\\\/\\\/www.systra.com\\\/france\\\/project\\\/regeneration-de-la-ligne-ferroviaire-saint-gervais-a-vallorcine\\\/#primaryimage\",\"url\":\"https:\\\/\\\/www.systra.com\\\/france\\\/wp-content\\\/uploads\\\/sites\\\/4\\\/2021\\\/03\\\/4400_-photo-1-2020-12-02-1-e1617027493693.jpg\",\"contentUrl\":\"https:\\\/\\\/www.systra.com\\\/france\\\/wp-content\\\/uploads\\\/sites\\\/4\\\/2021\\\/03\\\/4400_-photo-1-2020-12-02-1-e1617027493693.jpg\",\"width\":2016,\"height\":954},{\"@type\":\"BreadcrumbList\",\"@id\":\"https:\\\/\\\/www.systra.com\\\/france\\\/project\\\/regeneration-de-la-ligne-ferroviaire-saint-gervais-a-vallorcine\\\/#breadcrumb\",\"itemListElement\":[{\"@type\":\"ListItem\",\"position\":1,\"name\":\"Home\",\"item\":\"https:\\\/\\\/www.systra.com\\\/france\"},{\"@type\":\"ListItem\",\"position\":2,\"name\":\"Nos projets\"}]},{\"@type\":\"WebSite\",\"@id\":\"https:\\\/\\\/www.systra.com\\\/france\\\/#website\",\"url\":\"https:\\\/\\\/www.systra.com\\\/france\\\/\",\"name\":\"France\",\"description\":\"La confiance transporte le monde\",\"publisher\":{\"@id\":\"https:\\\/\\\/www.systra.com\\\/france\\\/#organization\"},\"potentialAction\":[{\"@type\":\"SearchAction\",\"target\":{\"@type\":\"EntryPoint\",\"urlTemplate\":\"https:\\\/\\\/www.systra.com\\\/france\\\/?s={search_term_string}\"},\"query-input\":{\"@type\":\"PropertyValueSpecification\",\"valueRequired\":true,\"valueName\":\"search_term_string\"}}],\"inLanguage\":\"fr-FR\"},{\"@type\":\"Organization\",\"@id\":\"https:\\\/\\\/www.systra.com\\\/france\\\/#organization\",\"name\":\"Systra France\",\"url\":\"https:\\\/\\\/www.systra.com\\\/france\\\/\",\"logo\":{\"@type\":\"ImageObject\",\"inLanguage\":\"fr-FR\",\"@id\":\"https:\\\/\\\/www.systra.com\\\/france\\\/#\\\/schema\\\/logo\\\/image\\\/\",\"url\":\"https:\\\/\\\/www.systra.com\\\/france\\\/wp-content\\\/uploads\\\/sites\\\/4\\\/2021\\\/03\\\/systra_logo_svg.svg\",\"contentUrl\":\"https:\\\/\\\/www.systra.com\\\/france\\\/wp-content\\\/uploads\\\/sites\\\/4\\\/2021\\\/03\\\/systra_logo_svg.svg\",\"width\":179,\"height\":34,\"caption\":\"Systra France\"},\"image\":{\"@id\":\"https:\\\/\\\/www.systra.com\\\/france\\\/#\\\/schema\\\/logo\\\/image\\\/\"},\"sameAs\":[\"https:\\\/\\\/www.facebook.com\\\/SYSTRA\",\"https:\\\/\\\/x.com\\\/SYSTRA_LTD\",\"https:\\\/\\\/www.linkedin.com\\\/company\\\/systra\\\/\"]}]}<\/script>\n<!-- \/ Yoast SEO Premium plugin. -->","yoast_head_json":{"title":"R\u00e9g\u00e9n\u00e9ration de la ligne ferroviaire Saint-Gervais \u00e0 Vallorcine - France","description":"Dans le cadre du Plan de D\u00e9placement Urbain de la Haute Vall\u00e9e de l\u2019Arve, les \u00e9lus locaux ont exprim\u00e9 la volont\u00e9 de faire du mode de transport ferroviaire","robots":{"index":"index","follow":"follow","max-snippet":"max-snippet:-1","max-image-preview":"max-image-preview:large","max-video-preview":"max-video-preview:-1"},"og_locale":"fr_FR","og_type":"article","og_title":"R\u00e9g\u00e9n\u00e9ration de la ligne ferroviaire Saint-Gervais \u00e0 Vallorcine","og_description":"Dans le cadre du Plan de D\u00e9placement Urbain de la Haute Vall\u00e9e de l\u2019Arve, les \u00e9lus locaux ont exprim\u00e9 la volont\u00e9 de faire du mode de transport ferroviaire","og_url":"https:\/\/www.systra.com\/france\/project\/regeneration-de-la-ligne-ferroviaire-saint-gervais-a-vallorcine\/","og_site_name":"France","article_publisher":"https:\/\/www.facebook.com\/SYSTRA","article_modified_time":"2025-09-11T15:45:13+00:00","og_image":[{"width":2016,"height":954,"url":"https:\/\/www.systra.com\/france\/wp-content\/uploads\/sites\/4\/2021\/03\/4400_-photo-1-2020-12-02-1-e1617027493693.jpg","type":"image\/jpeg"}],"twitter_card":"summary_large_image","twitter_site":"@SYSTRA_LTD","twitter_misc":{"Dur\u00e9e de lecture estim\u00e9e":"2 minutes"},"schema":{"@context":"https:\/\/schema.org","@graph":[{"@type":"WebPage","@id":"https:\/\/www.systra.com\/france\/project\/regeneration-de-la-ligne-ferroviaire-saint-gervais-a-vallorcine\/","url":"https:\/\/www.systra.com\/france\/project\/regeneration-de-la-ligne-ferroviaire-saint-gervais-a-vallorcine\/","name":"R\u00e9g\u00e9n\u00e9ration de la ligne ferroviaire Saint-Gervais \u00e0 Vallorcine - France","isPartOf":{"@id":"https:\/\/www.systra.com\/france\/#website"},"primaryImageOfPage":{"@id":"https:\/\/www.systra.com\/france\/project\/regeneration-de-la-ligne-ferroviaire-saint-gervais-a-vallorcine\/#primaryimage"},"image":{"@id":"https:\/\/www.systra.com\/france\/project\/regeneration-de-la-ligne-ferroviaire-saint-gervais-a-vallorcine\/#primaryimage"},"thumbnailUrl":"https:\/\/www.systra.com\/france\/wp-content\/uploads\/sites\/4\/2021\/03\/4400_-photo-1-2020-12-02-1-e1617027493693.jpg","datePublished":"2021-03-19T09:16:11+00:00","dateModified":"2025-09-11T15:45:13+00:00","description":"Dans le cadre du Plan de D\u00e9placement Urbain de la Haute Vall\u00e9e de l\u2019Arve, les \u00e9lus locaux ont exprim\u00e9 la volont\u00e9 de faire du mode de transport ferroviaire","breadcrumb":{"@id":"https:\/\/www.systra.com\/france\/project\/regeneration-de-la-ligne-ferroviaire-saint-gervais-a-vallorcine\/#breadcrumb"},"inLanguage":"fr-FR","potentialAction":[{"@type":"ReadAction","target":["https:\/\/www.systra.com\/france\/project\/regeneration-de-la-ligne-ferroviaire-saint-gervais-a-vallorcine\/"]}]},{"@type":"ImageObject","inLanguage":"fr-FR","@id":"https:\/\/www.systra.com\/france\/project\/regeneration-de-la-ligne-ferroviaire-saint-gervais-a-vallorcine\/#primaryimage","url":"https:\/\/www.systra.com\/france\/wp-content\/uploads\/sites\/4\/2021\/03\/4400_-photo-1-2020-12-02-1-e1617027493693.jpg","contentUrl":"https:\/\/www.systra.com\/france\/wp-content\/uploads\/sites\/4\/2021\/03\/4400_-photo-1-2020-12-02-1-e1617027493693.jpg","width":2016,"height":954},{"@type":"BreadcrumbList","@id":"https:\/\/www.systra.com\/france\/project\/regeneration-de-la-ligne-ferroviaire-saint-gervais-a-vallorcine\/#breadcrumb","itemListElement":[{"@type":"ListItem","position":1,"name":"Home","item":"https:\/\/www.systra.com\/france"},{"@type":"ListItem","position":2,"name":"Nos projets"}]},{"@type":"WebSite","@id":"https:\/\/www.systra.com\/france\/#website","url":"https:\/\/www.systra.com\/france\/","name":"France","description":"La confiance transporte le monde","publisher":{"@id":"https:\/\/www.systra.com\/france\/#organization"},"potentialAction":[{"@type":"SearchAction","target":{"@type":"EntryPoint","urlTemplate":"https:\/\/www.systra.com\/france\/?s={search_term_string}"},"query-input":{"@type":"PropertyValueSpecification","valueRequired":true,"valueName":"search_term_string"}}],"inLanguage":"fr-FR"},{"@type":"Organization","@id":"https:\/\/www.systra.com\/france\/#organization","name":"Systra France","url":"https:\/\/www.systra.com\/france\/","logo":{"@type":"ImageObject","inLanguage":"fr-FR","@id":"https:\/\/www.systra.com\/france\/#\/schema\/logo\/image\/","url":"https:\/\/www.systra.com\/france\/wp-content\/uploads\/sites\/4\/2021\/03\/systra_logo_svg.svg","contentUrl":"https:\/\/www.systra.com\/france\/wp-content\/uploads\/sites\/4\/2021\/03\/systra_logo_svg.svg","width":179,"height":34,"caption":"Systra France"},"image":{"@id":"https:\/\/www.systra.com\/france\/#\/schema\/logo\/image\/"},"sameAs":["https:\/\/www.facebook.com\/SYSTRA","https:\/\/x.com\/SYSTRA_LTD","https:\/\/www.linkedin.com\/company\/systra\/"]}]}},"lang":"fr","translations":{"fr":203},"pll_sync_post":[],"_links":{"self":[{"href":"https:\/\/www.systra.com\/france\/wp-json\/wp\/v2\/projects\/203","targetHints":{"allow":["GET"]}}],"collection":[{"href":"https:\/\/www.systra.com\/france\/wp-json\/wp\/v2\/projects"}],"about":[{"href":"https:\/\/www.systra.com\/france\/wp-json\/wp\/v2\/types\/projects"}],"author":[{"embeddable":true,"href":"https:\/\/www.systra.com\/france\/wp-json\/wp\/v2\/users\/23"}],"version-history":[{"count":2,"href":"https:\/\/www.systra.com\/france\/wp-json\/wp\/v2\/projects\/203\/revisions"}],"predecessor-version":[{"id":38502,"href":"https:\/\/www.systra.com\/france\/wp-json\/wp\/v2\/projects\/203\/revisions\/38502"}],"wp:featuredmedia":[{"embeddable":true,"href":"https:\/\/www.systra.com\/france\/wp-json\/wp\/v2\/media\/632"}],"wp:attachment":[{"href":"https:\/\/www.systra.com\/france\/wp-json\/wp\/v2\/media?parent=203"}],"wp:term":[{"taxonomy":"type-market","embeddable":true,"href":"https:\/\/www.systra.com\/france\/wp-json\/wp\/v2\/type-market?post=203"},{"taxonomy":"project-market","embeddable":true,"href":"https:\/\/www.systra.com\/france\/wp-json\/wp\/v2\/project-market?post=203"},{"taxonomy":"project-service","embeddable":true,"href":"https:\/\/www.systra.com\/france\/wp-json\/wp\/v2\/project-service?post=203"},{"taxonomy":"project-location","embeddable":true,"href":"https:\/\/www.systra.com\/france\/wp-json\/wp\/v2\/project-location?post=203"},{"taxonomy":"type-service","embeddable":true,"href":"https:\/\/www.systra.com\/france\/wp-json\/wp\/v2\/type-service?post=203"},{"taxonomy":"type-solution","embeddable":true,"href":"https:\/\/www.systra.com\/france\/wp-json\/wp\/v2\/type-solution?post=203"}],"curies":[{"name":"wp","href":"https:\/\/api.w.org\/{rel}","templated":true}]}}