{"id":271,"date":"2021-03-19T16:15:23","date_gmt":"2021-03-19T15:15:23","guid":{"rendered":"https:\/\/www.systra.com\/france\/?page_id=271"},"modified":"2021-08-24T15:07:56","modified_gmt":"2021-08-24T13:07:56","slug":"sebastien-mercier-responsable-de-region","status":"publish","type":"page","link":"https:\/\/www.systra.com\/france\/sebastien-mercier-responsable-de-region\/","title":{"rendered":"S\u00e9bastien MERCIER, consultant Mobilit\u00e9 et Am\u00e9nagement"},"content":{"rendered":"\n<div style=\"height:100px\" aria-hidden=\"true\" class=\"wp-block-spacer\"><\/div>\n\n\n\n<div class=\"wp-block-columns is-layout-flex wp-container-core-columns-is-layout-9d6595d7 wp-block-columns-is-layout-flex\">\n<div class=\"wp-block-column is-layout-flow wp-block-column-is-layout-flow\" style=\"flex-basis:33.33%\">\n<div class=\"wp-block-image\"><figure class=\"aligncenter size-large\"><img decoding=\"async\" src=\"https:\/\/www.systra.com\/france\/wp-content\/uploads\/sites\/4\/2021\/05\/mercier-2.png\" alt=\"\" class=\"wp-image-904\" \/><\/figure><\/div>\n\n\n\n<p class=\"has-pale-mauve-background-color has-background\"><strong>S\u00e9bastien MERCIER<\/strong><br><span class=\"has-inline-color has-dusty-blue-color\">Direction Conseil et Am\u00e9nagement <br>Marseille<\/span><\/p>\n<\/div>\n\n\n\n<div class=\"wp-block-column is-layout-flow wp-block-column-is-layout-flow\" style=\"flex-basis:66.66%\">\n<h3 class=\"has-dusty-blue-color has-text-color wp-block-heading\">Quel est votre m\u00e9tier\u202f?&nbsp;<\/h3>\n\n\n\n<div style=\"height:20px\" aria-hidden=\"true\" class=\"wp-block-spacer\"><\/div>\n\n\n\n<p>Je suis consultant  au sein de la Direction Conseil et Am\u00e9nagement  qui regroupe les m\u00e9tiers du conseil, de l&#8217;environnement, du foncier et de la concertation. <\/p>\n\n\n\n<div style=\"height:20px\" aria-hidden=\"true\" class=\"wp-block-spacer\"><\/div>\n\n\n\n<p>Pendant mes \u00e9tudes, je me suis orient\u00e9 progressivement vers le domaine de la planification des transports, un m\u00e9tier d\u2019avenir au regard des contraintes spatiales et environnementales de plus en plus pr\u00e9gnantes.<\/p>\n\n\n\n<div style=\"height:20px\" aria-hidden=\"true\" class=\"wp-block-spacer\"><\/div>\n\n\n\n<p>Ing\u00e9nieur civil de l\u2019Ecole Nationale des Travaux Publics et titulaire du DESS en Transports Urbains et R\u00e9gionaux de Personnes d\u00e9livr\u00e9 par le Laboratoire Economie des Transports de Lyon, j\u2019ai commenc\u00e9 ma carri\u00e8re comme charg\u00e9 d\u2019\u00e9tudes en 2001, au sein de la toute jeune agence lyonnaise de la filiale anglaise du groupe SYSTRA, MVA Consultancy, sp\u00e9cialis\u00e9e en planification des transports. Tr\u00e8s vite autonome, j\u2019ai eu l\u2019opportunit\u00e9 en 2005 d\u2019ouvrir l\u2019agence de Marseille, puis  d&#8217;\u00eatre Responsable R\u00e9gional de la Direction Conseil et Am\u00e9nagement pour la R\u00e9gion Sud-Est. <\/p>\n\n\n\n<div style=\"height:60px\" aria-hidden=\"true\" class=\"wp-block-spacer\"><\/div>\n\n\n\n<h3 class=\"has-dusty-blue-color has-text-color wp-block-heading\">Quelles sont vos missions chez SYSTRA\u202f?<\/h3>\n\n\n\n<div style=\"height:20px\" aria-hidden=\"true\" class=\"wp-block-spacer\"><\/div>\n\n\n\n<p>En tant que consultant, mes missions sont assez diversifi\u00e9es. <\/p>\n\n\n\n<div style=\"height:20px\" aria-hidden=\"true\" class=\"wp-block-spacer\"><\/div>\n\n\n\n<p>D&#8217;une part je suis amen\u00e9 \u00e0 contribuer \u00e0 des missions transverses qui me permettent d&#8217;avoir une vision globale de nos activit\u00e9s sur les volets financier, production, commercial et ressources humaines. <\/p>\n\n\n\n<div style=\"height:20px\" aria-hidden=\"true\" class=\"wp-block-spacer\"><\/div>\n\n\n\n<p>D&#8217;autre part, je participe \u00e0 la production d\u2019\u00e9tudes en tant que Chef de projet, Directeur d\u2019\u00e9tudes ou encore expert sur des sujets li\u00e9s \u00e0 la mobilit\u00e9.<\/p>\n\n\n\n<div style=\"height:20px\" aria-hidden=\"true\" class=\"wp-block-spacer\"><\/div>\n\n\n\n<p>J\u2019ai ainsi pilot\u00e9 ces derni\u00e8res ann\u00e9es une \u00e9tude pour la recherche d\u2019alternatives \u00e0 l\u2019\u00e9lectrification par cat\u00e9naire, ce qui m\u2019a permis de d\u00e9couvrir les innovations en mati\u00e8re de mat\u00e9riel roulant ferroviaire (train \u00e0 hydrog\u00e8ne et \u00e0 batterie notamment). Dans le cadre de cette \u00e9tude, j\u2019ai eu l\u2019opportunit\u00e9 d\u2019animer une d\u00e9marche collaborative avec les diff\u00e9rentes parties prenantes du projet (\u00c9tat, conseil r\u00e9gional, gestionnaire d\u2019infrastructure, exploitant, constructeurs), pour aboutir \u00e0 une solution partag\u00e9e, le d\u00e9ploiement des trains batteries.<\/p>\n\n\n\n<div style=\"height:60px\" aria-hidden=\"true\" class=\"wp-block-spacer\"><\/div>\n\n\n\n<h3 class=\"has-dusty-blue-color has-text-color wp-block-heading\">Les 3 qualit\u00e9s ou comp\u00e9tences importantes dans votre m\u00e9tier\u202f?<\/h3>\n\n\n\n<div style=\"height:20px\" aria-hidden=\"true\" class=\"wp-block-spacer\"><\/div>\n\n\n\n<p>Dans le domaine du conseil, la premi\u00e8re des qualit\u00e9s est l\u2019\u00e9coute. &nbsp;Elle est essentielle pour bien cerner les besoins et attentes de nos clients et leur fournir une r\u00e9ponse adapt\u00e9e. L\u2019\u00e9coute est \u00e9galement n\u00e9cessaire en mati\u00e8re de management pour bien appr\u00e9hender les besoins des \u00e9quipes et les aider \u00e0 atteindre leurs objectifs.<\/p>\n\n\n\n<div style=\"height:20px\" aria-hidden=\"true\" class=\"wp-block-spacer\"><\/div>\n\n\n\n<p>Quelles que soient les missions que nous r\u00e9alisons, notre approche doit reposer sur une m\u00e9thodologie rigoureuse, afin de garantir la justesse de nos analyses. <\/p>\n\n\n\n<div style=\"height:20px\" aria-hidden=\"true\" class=\"wp-block-spacer\"><\/div>\n\n\n\n<p>Enfin, il nous est n\u00e9cessaire de garder une ind\u00e9pendance dans le cadre de nos \u00e9tudes, que ce soit face \u00e0 des choix technologiques ou politiques, afin d\u2019\u00e9clairer de mani\u00e8re objective les d\u00e9cisions de nos clients. De mani\u00e8re g\u00e9n\u00e9rale, nous pouvons dire que nous n\u2019avons pas pour mission de vendre \u00e0 nos clients un produit ou une solution technique disponible sur \u00e9tag\u00e8re, mais plut\u00f4t de les aider \u00e0 d\u00e9finir une solution sur mesure qui permettra de r\u00e9pondre au mieux \u00e0 leurs attentes.<\/p>\n\n\n\n<div style=\"height:60px\" aria-hidden=\"true\" class=\"wp-block-spacer\"><\/div>\n\n\n\n<h3 class=\"has-dusty-blue-color has-text-color wp-block-heading\">POURQUOI SYSTRA&nbsp;?<\/h3>\n\n\n\n<div style=\"height:20px\" aria-hidden=\"true\" class=\"wp-block-spacer\"><\/div>\n\n\n\n<p>Au regard de mon parcours, je dirais que le choix de SYSTRA s\u2019est fait naturellement.<\/p>\n\n\n\n<div style=\"height:20px\" aria-hidden=\"true\" class=\"wp-block-spacer\"><\/div>\n\n\n\n<p>Intervenant dans le conseil, SYSTRA me permet de disposer facilement d\u2019un panel de ressources techniques diversifi\u00e9es, au sein de la Direction Conseil et Am\u00e9nagement mais aussi des autres directions. C\u2019est un atout pour enrichir nos \u00e9tudes amont, tout en b\u00e9n\u00e9ficiant du retour d\u2019exp\u00e9rience sur de nombreux projets \u00e0 travers le monde. Notre valeur ajout\u00e9e est d\u2019\u00eatre une v\u00e9ritable force de proposition afin d\u2019accompagner au mieux nos clients dans leurs d\u00e9cisions.<\/p>\n\n\n\n<div style=\"height:100px\" aria-hidden=\"true\" class=\"wp-block-spacer\"><\/div>\n<\/div>\n<\/div>\n\n\n\n<div style=\"height:100px\" aria-hidden=\"true\" class=\"wp-block-spacer\"><\/div>\n\n\n\n<p><\/p>\n","protected":false},"excerpt":{"rendered":"<p>S\u00e9bastien MERCIERDirection Conseil et Am\u00e9nagement Marseille Quel est votre m\u00e9tier\u202f?&nbsp; Je suis consultant au sein de la Direction Conseil et Am\u00e9nagement qui regroupe les m\u00e9tiers du conseil, de l&#8217;environnement, du foncier et de la concertation. Pendant mes \u00e9tudes, je me suis orient\u00e9 progressivement vers le domaine de la planification des transports, un m\u00e9tier d\u2019avenir au [&hellip;]<\/p>\n","protected":false},"author":29,"featured_media":3261,"parent":0,"menu_order":16,"comment_status":"closed","ping_status":"closed","template":"template-collaborateur.php","meta":{"_acf_changed":false,"_relevanssi_hide_post":"","_relevanssi_hide_content":"","_relevanssi_pin_for_all":"","_relevanssi_pin_keywords":"","_relevanssi_unpin_keywords":"","_relevanssi_related_keywords":"","_relevanssi_related_include_ids":"","_relevanssi_related_exclude_ids":"","_relevanssi_related_no_append":"","_relevanssi_related_not_related":"","_relevanssi_related_posts":"1","_relevanssi_noindex_reason":"","footnotes":""},"class_list":["post-271","page","type-page","status-publish","has-post-thumbnail","hentry"],"acf":[],"yoast_head":"<!-- This site is optimized with the Yoast SEO Premium plugin v27.4 (Yoast SEO v27.4) - https:\/\/yoast.com\/product\/yoast-seo-premium-wordpress\/ -->\n<title>S\u00e9bastien MERCIER, consultant Mobilit\u00e9 et Am\u00e9nagement - France<\/title>\n<meta name=\"description\" content=\"S\u00e9bastien MERCIERDirection Conseil et Am\u00e9nagement Marseille Quel est votre m\u00e9tier\u202f?&nbsp; Je suis consultant au sein de la Direction Conseil et\" \/>\n<meta name=\"robots\" content=\"index, follow, max-snippet:-1, max-image-preview:large, max-video-preview:-1\" \/>\n<meta property=\"og:locale\" content=\"fr_FR\" \/>\n<meta property=\"og:type\" content=\"article\" \/>\n<meta property=\"og:title\" content=\"S\u00e9bastien MERCIER, consultant Mobilit\u00e9 et Am\u00e9nagement\" \/>\n<meta property=\"og:description\" content=\"S\u00e9bastien MERCIERDirection Conseil et Am\u00e9nagement Marseille Quel est votre m\u00e9tier\u202f?&nbsp; Je suis consultant au sein de la Direction Conseil et\" \/>\n<meta property=\"og:url\" content=\"https:\/\/www.systra.com\/france\/sebastien-mercier-responsable-de-region\/\" \/>\n<meta property=\"og:site_name\" content=\"France\" \/>\n<meta property=\"article:publisher\" content=\"https:\/\/www.facebook.com\/SYSTRA\" \/>\n<meta property=\"article:modified_time\" content=\"2021-08-24T13:07:56+00:00\" \/>\n<meta property=\"og:image\" content=\"https:\/\/www.systra.com\/france\/wp-content\/uploads\/sites\/4\/2021\/08\/illustration-interview.jpg\" \/>\n\t<meta property=\"og:image:width\" content=\"2350\" \/>\n\t<meta property=\"og:image:height\" content=\"1500\" \/>\n\t<meta property=\"og:image:type\" content=\"image\/jpeg\" \/>\n<meta name=\"twitter:card\" content=\"summary_large_image\" \/>\n<meta name=\"twitter:site\" content=\"@SYSTRA_LTD\" \/>\n<meta name=\"twitter:label1\" content=\"Dur\u00e9e de lecture estim\u00e9e\" \/>\n\t<meta name=\"twitter:data1\" content=\"3 minutes\" \/>\n<script type=\"application\/ld+json\" class=\"yoast-schema-graph\">{\"@context\":\"https:\\\/\\\/schema.org\",\"@graph\":[{\"@type\":\"WebPage\",\"@id\":\"https:\\\/\\\/www.systra.com\\\/france\\\/sebastien-mercier-responsable-de-region\\\/\",\"url\":\"https:\\\/\\\/www.systra.com\\\/france\\\/sebastien-mercier-responsable-de-region\\\/\",\"name\":\"S\u00e9bastien MERCIER, consultant Mobilit\u00e9 et Am\u00e9nagement - France\",\"isPartOf\":{\"@id\":\"https:\\\/\\\/www.systra.com\\\/france\\\/#website\"},\"primaryImageOfPage\":{\"@id\":\"https:\\\/\\\/www.systra.com\\\/france\\\/sebastien-mercier-responsable-de-region\\\/#primaryimage\"},\"image\":{\"@id\":\"https:\\\/\\\/www.systra.com\\\/france\\\/sebastien-mercier-responsable-de-region\\\/#primaryimage\"},\"thumbnailUrl\":\"https:\\\/\\\/www.systra.com\\\/france\\\/wp-content\\\/uploads\\\/sites\\\/4\\\/2021\\\/08\\\/illustration-interview.jpg\",\"datePublished\":\"2021-03-19T15:15:23+00:00\",\"dateModified\":\"2021-08-24T13:07:56+00:00\",\"description\":\"S\u00e9bastien MERCIERDirection Conseil et Am\u00e9nagement Marseille Quel est votre m\u00e9tier\u202f?&nbsp; Je suis consultant au sein de la Direction Conseil et\",\"breadcrumb\":{\"@id\":\"https:\\\/\\\/www.systra.com\\\/france\\\/sebastien-mercier-responsable-de-region\\\/#breadcrumb\"},\"inLanguage\":\"fr-FR\",\"potentialAction\":[{\"@type\":\"ReadAction\",\"target\":[\"https:\\\/\\\/www.systra.com\\\/france\\\/sebastien-mercier-responsable-de-region\\\/\"]}]},{\"@type\":\"ImageObject\",\"inLanguage\":\"fr-FR\",\"@id\":\"https:\\\/\\\/www.systra.com\\\/france\\\/sebastien-mercier-responsable-de-region\\\/#primaryimage\",\"url\":\"https:\\\/\\\/www.systra.com\\\/france\\\/wp-content\\\/uploads\\\/sites\\\/4\\\/2021\\\/08\\\/illustration-interview.jpg\",\"contentUrl\":\"https:\\\/\\\/www.systra.com\\\/france\\\/wp-content\\\/uploads\\\/sites\\\/4\\\/2021\\\/08\\\/illustration-interview.jpg\",\"width\":2350,\"height\":1500},{\"@type\":\"BreadcrumbList\",\"@id\":\"https:\\\/\\\/www.systra.com\\\/france\\\/sebastien-mercier-responsable-de-region\\\/#breadcrumb\",\"itemListElement\":[{\"@type\":\"ListItem\",\"position\":1,\"name\":\"Accueil\",\"item\":\"https:\\\/\\\/www.systra.com\\\/france\\\/\"},{\"@type\":\"ListItem\",\"position\":2,\"name\":\"S\u00e9bastien MERCIER, consultant Mobilit\u00e9 et Am\u00e9nagement\"}]},{\"@type\":\"WebSite\",\"@id\":\"https:\\\/\\\/www.systra.com\\\/france\\\/#website\",\"url\":\"https:\\\/\\\/www.systra.com\\\/france\\\/\",\"name\":\"France\",\"description\":\"La confiance transporte le monde\",\"publisher\":{\"@id\":\"https:\\\/\\\/www.systra.com\\\/france\\\/#organization\"},\"potentialAction\":[{\"@type\":\"SearchAction\",\"target\":{\"@type\":\"EntryPoint\",\"urlTemplate\":\"https:\\\/\\\/www.systra.com\\\/france\\\/?s={search_term_string}\"},\"query-input\":{\"@type\":\"PropertyValueSpecification\",\"valueRequired\":true,\"valueName\":\"search_term_string\"}}],\"inLanguage\":\"fr-FR\"},{\"@type\":\"Organization\",\"@id\":\"https:\\\/\\\/www.systra.com\\\/france\\\/#organization\",\"name\":\"Systra France\",\"url\":\"https:\\\/\\\/www.systra.com\\\/france\\\/\",\"logo\":{\"@type\":\"ImageObject\",\"inLanguage\":\"fr-FR\",\"@id\":\"https:\\\/\\\/www.systra.com\\\/france\\\/#\\\/schema\\\/logo\\\/image\\\/\",\"url\":\"https:\\\/\\\/www.systra.com\\\/france\\\/wp-content\\\/uploads\\\/sites\\\/4\\\/2021\\\/03\\\/systra_logo_svg.svg\",\"contentUrl\":\"https:\\\/\\\/www.systra.com\\\/france\\\/wp-content\\\/uploads\\\/sites\\\/4\\\/2021\\\/03\\\/systra_logo_svg.svg\",\"width\":179,\"height\":34,\"caption\":\"Systra France\"},\"image\":{\"@id\":\"https:\\\/\\\/www.systra.com\\\/france\\\/#\\\/schema\\\/logo\\\/image\\\/\"},\"sameAs\":[\"https:\\\/\\\/www.facebook.com\\\/SYSTRA\",\"https:\\\/\\\/x.com\\\/SYSTRA_LTD\",\"https:\\\/\\\/www.linkedin.com\\\/company\\\/systra\\\/\"]}]}<\/script>\n<!-- \/ Yoast SEO Premium plugin. -->","yoast_head_json":{"title":"S\u00e9bastien MERCIER, consultant Mobilit\u00e9 et Am\u00e9nagement - France","description":"S\u00e9bastien MERCIERDirection Conseil et Am\u00e9nagement Marseille Quel est votre m\u00e9tier\u202f?&nbsp; Je suis consultant au sein de la Direction Conseil et","robots":{"index":"index","follow":"follow","max-snippet":"max-snippet:-1","max-image-preview":"max-image-preview:large","max-video-preview":"max-video-preview:-1"},"og_locale":"fr_FR","og_type":"article","og_title":"S\u00e9bastien MERCIER, consultant Mobilit\u00e9 et Am\u00e9nagement","og_description":"S\u00e9bastien MERCIERDirection Conseil et Am\u00e9nagement Marseille Quel est votre m\u00e9tier\u202f?&nbsp; Je suis consultant au sein de la Direction Conseil et","og_url":"https:\/\/www.systra.com\/france\/sebastien-mercier-responsable-de-region\/","og_site_name":"France","article_publisher":"https:\/\/www.facebook.com\/SYSTRA","article_modified_time":"2021-08-24T13:07:56+00:00","og_image":[{"width":2350,"height":1500,"url":"https:\/\/www.systra.com\/france\/wp-content\/uploads\/sites\/4\/2021\/08\/illustration-interview.jpg","type":"image\/jpeg"}],"twitter_card":"summary_large_image","twitter_site":"@SYSTRA_LTD","twitter_misc":{"Dur\u00e9e de lecture estim\u00e9e":"3 minutes"},"schema":{"@context":"https:\/\/schema.org","@graph":[{"@type":"WebPage","@id":"https:\/\/www.systra.com\/france\/sebastien-mercier-responsable-de-region\/","url":"https:\/\/www.systra.com\/france\/sebastien-mercier-responsable-de-region\/","name":"S\u00e9bastien MERCIER, consultant Mobilit\u00e9 et Am\u00e9nagement - France","isPartOf":{"@id":"https:\/\/www.systra.com\/france\/#website"},"primaryImageOfPage":{"@id":"https:\/\/www.systra.com\/france\/sebastien-mercier-responsable-de-region\/#primaryimage"},"image":{"@id":"https:\/\/www.systra.com\/france\/sebastien-mercier-responsable-de-region\/#primaryimage"},"thumbnailUrl":"https:\/\/www.systra.com\/france\/wp-content\/uploads\/sites\/4\/2021\/08\/illustration-interview.jpg","datePublished":"2021-03-19T15:15:23+00:00","dateModified":"2021-08-24T13:07:56+00:00","description":"S\u00e9bastien MERCIERDirection Conseil et Am\u00e9nagement Marseille Quel est votre m\u00e9tier\u202f?&nbsp; Je suis consultant au sein de la Direction Conseil et","breadcrumb":{"@id":"https:\/\/www.systra.com\/france\/sebastien-mercier-responsable-de-region\/#breadcrumb"},"inLanguage":"fr-FR","potentialAction":[{"@type":"ReadAction","target":["https:\/\/www.systra.com\/france\/sebastien-mercier-responsable-de-region\/"]}]},{"@type":"ImageObject","inLanguage":"fr-FR","@id":"https:\/\/www.systra.com\/france\/sebastien-mercier-responsable-de-region\/#primaryimage","url":"https:\/\/www.systra.com\/france\/wp-content\/uploads\/sites\/4\/2021\/08\/illustration-interview.jpg","contentUrl":"https:\/\/www.systra.com\/france\/wp-content\/uploads\/sites\/4\/2021\/08\/illustration-interview.jpg","width":2350,"height":1500},{"@type":"BreadcrumbList","@id":"https:\/\/www.systra.com\/france\/sebastien-mercier-responsable-de-region\/#breadcrumb","itemListElement":[{"@type":"ListItem","position":1,"name":"Accueil","item":"https:\/\/www.systra.com\/france\/"},{"@type":"ListItem","position":2,"name":"S\u00e9bastien MERCIER, consultant Mobilit\u00e9 et Am\u00e9nagement"}]},{"@type":"WebSite","@id":"https:\/\/www.systra.com\/france\/#website","url":"https:\/\/www.systra.com\/france\/","name":"France","description":"La confiance transporte le monde","publisher":{"@id":"https:\/\/www.systra.com\/france\/#organization"},"potentialAction":[{"@type":"SearchAction","target":{"@type":"EntryPoint","urlTemplate":"https:\/\/www.systra.com\/france\/?s={search_term_string}"},"query-input":{"@type":"PropertyValueSpecification","valueRequired":true,"valueName":"search_term_string"}}],"inLanguage":"fr-FR"},{"@type":"Organization","@id":"https:\/\/www.systra.com\/france\/#organization","name":"Systra France","url":"https:\/\/www.systra.com\/france\/","logo":{"@type":"ImageObject","inLanguage":"fr-FR","@id":"https:\/\/www.systra.com\/france\/#\/schema\/logo\/image\/","url":"https:\/\/www.systra.com\/france\/wp-content\/uploads\/sites\/4\/2021\/03\/systra_logo_svg.svg","contentUrl":"https:\/\/www.systra.com\/france\/wp-content\/uploads\/sites\/4\/2021\/03\/systra_logo_svg.svg","width":179,"height":34,"caption":"Systra France"},"image":{"@id":"https:\/\/www.systra.com\/france\/#\/schema\/logo\/image\/"},"sameAs":["https:\/\/www.facebook.com\/SYSTRA","https:\/\/x.com\/SYSTRA_LTD","https:\/\/www.linkedin.com\/company\/systra\/"]}]}},"lang":"fr","translations":{"fr":271},"pll_sync_post":[],"_links":{"self":[{"href":"https:\/\/www.systra.com\/france\/wp-json\/wp\/v2\/pages\/271","targetHints":{"allow":["GET"]}}],"collection":[{"href":"https:\/\/www.systra.com\/france\/wp-json\/wp\/v2\/pages"}],"about":[{"href":"https:\/\/www.systra.com\/france\/wp-json\/wp\/v2\/types\/page"}],"author":[{"embeddable":true,"href":"https:\/\/www.systra.com\/france\/wp-json\/wp\/v2\/users\/29"}],"replies":[{"embeddable":true,"href":"https:\/\/www.systra.com\/france\/wp-json\/wp\/v2\/comments?post=271"}],"version-history":[{"count":5,"href":"https:\/\/www.systra.com\/france\/wp-json\/wp\/v2\/pages\/271\/revisions"}],"predecessor-version":[{"id":3342,"href":"https:\/\/www.systra.com\/france\/wp-json\/wp\/v2\/pages\/271\/revisions\/3342"}],"wp:featuredmedia":[{"embeddable":true,"href":"https:\/\/www.systra.com\/france\/wp-json\/wp\/v2\/media\/3261"}],"wp:attachment":[{"href":"https:\/\/www.systra.com\/france\/wp-json\/wp\/v2\/media?parent=271"}],"curies":[{"name":"wp","href":"https:\/\/api.w.org\/{rel}","templated":true}]}}